{"id":174,"date":"2017-12-01T20:22:46","date_gmt":"2017-12-01T19:22:46","guid":{"rendered":"http:\/\/laruche.cuerq.net\/?page_id=174"},"modified":"2020-10-11T18:12:40","modified_gmt":"2020-10-11T17:12:40","slug":"frelons","status":"publish","type":"page","link":"https:\/\/arcadia.cuerq.net\/?page_id=174","title":{"rendered":"Frelons et Abeilles"},"content":{"rendered":"<p class=\"western\"><span style=\"font-family: Times New Roman, serif;\"><span style=\"font-size: large;\"><u>1\/ Le probl\u00e8me des frelons<\/u><\/span><\/span><\/p>\n<p class=\"western\"><span style=\"font-family: Times New Roman, serif;\"><span style=\"font-size: large;\">1\/1 Avant 2010\u00a0: les frelons europ\u00e9ens<\/span><\/span><\/p>\n<p class=\"western\"><span style=\"font-family: Times New Roman, serif;\"><span style=\"font-size: large;\">Tous les ans, les frelons (vespa crabro) r\u00e9apparaissaient au printemps\u00a0; avant la mise en place des premi\u00e8res ruches au verger, en 2005, la cohabitation ne posait aucun probl\u00e8me, m\u00eame s\u2019il apparaissait pr\u00e9f\u00e9rable, pour des raisons de s\u00e9curit\u00e9, de supprimer les nids qui s\u2019installaient de temps en temps dans les trous des oliviers ou les murs des terrasses.<\/span><\/span><\/p>\n<p class=\"western\"><span style=\"font-family: Times New Roman, serif;\"><span style=\"font-size: large;\">Il y avait suffisamment d\u2019abeilles dans le verger et dans le potager, venant de nos ruches ou de celles des voisins.<\/span><\/span><\/p>\n<p class=\"western\"><span style=\"font-size: small;\"><span style=\"font-family: Times New Roman, serif;\"><span style=\"font-size: large;\">P<\/span><\/span><span style=\"font-family: Times New Roman, serif;\"><span style=\"font-size: large;\">uis, il est devenu plus n\u00e9cessaire de limiter la population des frelons pour prot\u00e9ger les abeilles\u00a0; on <\/span><\/span><span style=\"font-family: Times New Roman, serif;\"><span style=\"font-size: large;\"><span lang=\"fr-FR\">a vu<\/span><\/span><\/span><span style=\"font-family: Times New Roman, serif;\"><span style=\"font-size: large;\"> en effet toute la journ\u00e9e des frelons tourner autour de <\/span><\/span><span style=\"font-family: Times New Roman, serif;\"><span style=\"font-size: large;\">no<\/span><\/span><span style=\"font-family: Times New Roman, serif;\"><span style=\"font-size: large;\">s ruches et attraper en vol, ou parfois m\u00eame sur les planches d\u2019envol des ruches, les abeilles qui leur servent de nourriture, <\/span><\/span><span style=\"font-family: Times New Roman, serif;\"><span style=\"font-size: large;\">\u00e0 eux et \u00e0 leur prog\u00e9niture<\/span><\/span><span style=\"font-family: Times New Roman, serif;\"><span style=\"font-size: large;\">.<\/span><\/span><\/span><\/p>\n<p class=\"western\"><span style=\"font-family: Times New Roman, serif;\"><span style=\"font-size: large;\">Faire le choix d\u2019essayer de r\u00e9duire la population des frelons n\u2019est pas \u00e9vident et imm\u00e9diat\u00a0; il y a sans doute des arguments pour\u00a0:<\/span><\/span><\/p>\n<ul>\n<li>\n<p class=\"western\"><span style=\"font-family: Times New Roman, serif;\"><span style=\"font-size: large;\">la s\u00e9curit\u00e9 (mais il faut bien dire que ces frelons ne sont pas agressifs envers les humains)<\/span><\/span><\/p>\n<\/li>\n<li>\n<p class=\"western\"><span style=\"font-family: Times New Roman, serif;\"><span style=\"font-size: large;\">la protection des abeilles (j\u2019ai lu qu\u2019un seul frelon pouvait \u201c\u00a0pr\u00e9lever\u00a0\u201d 200 \u00e0 300 abeilles en une seule journ\u00e9e).<\/span><\/span><\/p>\n<\/li>\n<\/ul>\n<p class=\"western\"><span style=\"font-family: Times New Roman, serif;\"><span style=\"font-size: large;\">Mais aussi des arguments contre\u00a0:<\/span><\/span><\/p>\n<ul>\n<li>\n<p class=\"western\"><span style=\"font-family: Times New Roman, serif;\"><span style=\"font-size: large;\">l\u2019\u00e9limination de tout \u00eatre vivant est discutable a priori, d\u2019une part par principe, d\u2019autre part par le fait que chaque esp\u00e8ce vivante a sa place dans la nature.<\/span><\/span><\/p>\n<\/li>\n<li>\n<p class=\"western\"><span style=\"font-size: small;\"><span style=\"font-family: Times New Roman, serif;\"><span style=\"font-size: large;\">selon Wikipedia, le frelon a statut d&rsquo;esp\u00e8ce prot\u00e9g\u00e9e en Allemagne, et il est consid\u00e9r\u00e9 comme une esp\u00e8ce utile par les entomologistes de la plupart des pays. De plus, <\/span><\/span><span style=\"font-family: Times New Roman, serif;\"><span style=\"font-size: large;\"><i><u>comme le frelon, actif la nuit, fait une bien plus grande consommation de fausses teignes de la cire que d&rsquo;abeilles, il s&rsquo;av\u00e8re plut\u00f4t utile pour les ruches<\/u><\/i><\/span><\/span><span style=\"font-family: Times New Roman, serif;\"><span style=\"font-size: large;\">. Affirmation \u00e0 nuancer cependant, dans la mesure o\u00f9 la fausse teigne s\u2019attaque surtout aux \u00e9l\u00e9ments de ruches vides, d\u00e9mont\u00e9s apr\u00e8s la r\u00e9colte et stock\u00e9s pour l\u2019hiver en l\u2019attente de la saison suivante, donc \u00e0 une \u00e9poque o\u00f9 il n\u2019y a pas de frelons.<\/span><\/span><\/span><\/p>\n<\/li>\n<\/ul>\n<p class=\"western\"><span style=\"font-family: Times New Roman, serif;\"><span style=\"font-size: large;\">1\/2 A partir de 2010\u00a0: les frelons asiatiques<\/span><\/span><\/p>\n<p class=\"western\"><span style=\"font-size: small;\"><span style=\"font-family: Times New Roman, serif;\"><span style=\"font-size: large;\">Le frelon asiatique (vespa velutina) a \u00e9t\u00e9 observ\u00e9 pour la premi\u00e8re fois en France en 2004 dans le Lot-et-Garonne, provenant probablement de conteneurs de poteries chinoises import\u00e9es \u00e0 Bordeaux (source\u00a0: Wikipedia). Il a <\/span><\/span><span style=\"font-family: Times New Roman, serif;\"><span style=\"font-size: large;\"><span lang=\"fr-FR\">rapidement<\/span><\/span><\/span><span style=\"font-family: Times New Roman, serif;\"><span style=\"font-size: large;\"> colonis\u00e9 un tr\u00e8s vaste territoire. Il <\/span><\/span><span style=\"font-family: Times New Roman, serif;\"><span style=\"font-size: large;\"><span lang=\"fr-FR\">a \u00e9t\u00e9<\/span><\/span><\/span><span style=\"font-family: Times New Roman, serif;\"><span style=\"font-size: large;\"> identifi\u00e9 dans les Alpes-Maritimes le 13\/09\/2010, dans le secteur de Carros.<\/span><\/span><\/span><\/p>\n<p class=\"western\"><span style=\"font-family: Times New Roman, serif;\"><span style=\"font-size: large;\">Comme le frelon europ\u00e9en, il n&rsquo;a aucune agressivit\u00e9 envers l&rsquo;homme (\u00e0 condition de ne pas s\u2019approcher \u00e0 moins de 5 m des nids\u00a0!).<\/span><\/span><\/p>\n<p class=\"western\"><span style=\"font-family: Times New Roman, serif;\"><span style=\"font-size: large;\">Il s\u2019est rapidement d\u00e9velopp\u00e9 et en quelques ann\u00e9es, conserver des ruches sur le littoral de l\u2019\u00e9t\u00e9 jusqu\u2019\u00e0 l\u2019automne est devenu tr\u00e8s difficile. Les frelons asiatiques s\u2019installent en vol stationnaire en face des ruches et attrapent les abeilles qui en sortent ou tentent d\u2019y rentrer. Il est arriv\u00e9 que plusieurs dizaines de frelons soient en attente devant une seule ruche. Les essaims \u00e9tant install\u00e9s en hauteur dans les arbres, ils sont tr\u00e8s difficiles \u00e0 rep\u00e9rer et donc \u00e0 d\u00e9truire.<\/span><\/span><\/p>\n<p class=\"western\"><span style=\"font-family: Times New Roman, serif;\"><span style=\"font-size: large;\">Diff\u00e9rentes m\u00e9thodes de lutte ont \u00e9t\u00e9 utilis\u00e9es. Les deux premi\u00e8res ann\u00e9es, les bouteilles avec goulot retourn\u00e9 et attractif \u00e0 base de vin ou de bi\u00e8re (voir ci-dessous) ont \u00e9t\u00e9 efficaces. Beaucoup de frelons s\u2019y sont fait prendre, sans pour autant diminuer vraiment la pression des frelons sur les ruches. Et au bout de deux ans, quel que soit l\u2019attractif, aucun frelon n\u2019entrait plus dans les bouteilles. Les pi\u00e8ges du commerce Veto-Pharma n\u2019ont jamais fait preuve d\u2019une grande efficacit\u00e9.<\/span><\/span><\/p>\n<p class=\"western\"><span style=\"font-family: Times New Roman, serif;\"><span style=\"font-size: large;\">Les portes anti-frelons ne sont pas la solution, pas plus que les museli\u00e8res, test\u00e9es en 2014, qui g\u00eanent les abeilles sans pour autant les prot\u00e9ger vraiment. J\u2019ai vu une fois un frelon p\u00e9n\u00e9trer \u00e0 l\u2019int\u00e9rieur de la museli\u00e8re (form\u00e9e de grillage 10 X 10), y attraper une abeille et parvenir \u00e0 ressortir en l\u2019emportant.<\/span><\/span><\/p>\n<p class=\"western\"><span style=\"font-family: Times New Roman, serif;\"><span style=\"font-size: large;\">J\u2019ai test\u00e9 une autre protection, constitu\u00e9e d\u2019une plaque de bois pos\u00e9e parall\u00e8lement \u00e0 la fa\u00e7ade de la ruche, au-dessus du plan d\u2019envol, \u00e0 5 ou 10 mm devant la paroi de la ruche. Dispositif compl\u00e9t\u00e9 par un grillage horizontal au-dessus de la planche d\u2019envol. Ce syst\u00e8me ne g\u00eane pas les abeilles et semble int\u00e9ressant. Les abeilles qui d\u00e9fendent l\u2019entr\u00e9e de la ruche se cachent derri\u00e8re la planche. C\u2019est mieux que rien mais pas la solution absolue \u00e0 tous les probl\u00e8mes.<\/span><\/span><\/p>\n<p class=\"western\"><span style=\"font-family: Times New Roman, serif;\"><span style=\"font-size: large;\">Le poison sur des morceaux de viande que les frelons emm\u00e8nent \u00e0 leur nid contaminant ainsi les autres ne peut \u00eatre une solution non plus. On diss\u00e9mine d\u00e9j\u00e0 en toute inconscience bien suffisamment de poisons dans la nature.<\/span><\/span><\/p>\n<p><a href=\"http:\/\/arcadia.cuerq.net\/wp-content\/uploads\/2020\/10\/Frelons1.jpg\"><img decoding=\"async\" loading=\"lazy\" class=\"aligncenter size-full wp-image-305\" src=\"http:\/\/arcadia.cuerq.net\/wp-content\/uploads\/2020\/10\/Frelons1.jpg\" alt=\"\" width=\"850\" height=\"790\" srcset=\"https:\/\/arcadia.cuerq.net\/wp-content\/uploads\/2020\/10\/Frelons1.jpg 850w, https:\/\/arcadia.cuerq.net\/wp-content\/uploads\/2020\/10\/Frelons1-300x279.jpg 300w, https:\/\/arcadia.cuerq.net\/wp-content\/uploads\/2020\/10\/Frelons1-768x714.jpg 768w\" sizes=\"(max-width: 850px) 100vw, 850px\" \/><\/a><\/p>\n<p class=\"western\"><span style=\"font-size: small;\"><span style=\"font-family: Times New Roman, serif;\"><span style=\"font-size: large;\">A partir de 2012, les frelons asiatiques ont <\/span><\/span><span style=\"font-family: Times New Roman, serif;\"><span style=\"font-size: large;\"><span lang=\"fr-FR\">commenc\u00e9 \u00e0 prendre<\/span><\/span><\/span><span style=\"font-family: Times New Roman, serif;\"><span style=\"font-size: large;\"> le dessus su<\/span><\/span><span style=\"font-family: Times New Roman, serif;\"><span style=\"font-size: large;\">r<\/span><\/span><span style=\"font-family: Times New Roman, serif;\"><span style=\"font-size: large;\"> les frelons europ\u00e9ens. <\/span><\/span><span style=\"font-family: Times New Roman, serif;\"><span style=\"font-size: large;\">Ils arrivent en juillet <\/span><\/span><span style=\"font-family: Times New Roman, serif;\"><span style=\"font-size: large;\">ou ao\u00fbt<\/span><\/span><span style=\"font-family: Times New Roman, serif;\"><span style=\"font-size: large;\">, <\/span><\/span><span style=\"font-family: Times New Roman, serif;\"><span style=\"font-size: large;\">parfois<\/span><\/span><span style=\"font-family: Times New Roman, serif;\"><span style=\"font-size: large;\"> un peu avant, et disparaissent vers octobre\/<\/span><\/span><span style=\"font-family: Times New Roman, serif;\"><span style=\"font-size: large;\">novembre<\/span><\/span><span style=\"font-family: Times New Roman, serif;\"><span style=\"font-size: large;\">.<\/span><\/span><\/span><\/p>\n<p class=\"western\"><span style=\"font-size: small;\"><span style=\"font-family: Times New Roman, serif;\"><span style=\"font-size: large;\">A partir de 2013, pendant la p\u00e9riode de pr\u00e9sence du frelon asiatique, je vais passer de plus en plus de temps \u00e0 faire du \u00ab\u00a0tennis-frelon\u00a0\u00bb devant les ruches. C\u2019est le seul moyen relativement efficace pour faire baisser la pression sur les abeilles mais ce n\u2019est pas vraiment non plus la panac\u00e9e. J\u2019ai test\u00e9 les raquettes \u00e9lectriques, elles se sont r\u00e9v\u00e9l\u00e9es beaucoup trop fragiles pour cet usage. Depuis, je fabrique mes raquettes avec du contreplaqu\u00e9 de 10. Au d\u00e9but, j\u2019y passais 3 fois par jour, 1\/4 d\u2019heure \u00e0 chaque fois. <\/span><\/span><span style=\"font-family: Times New Roman, serif;\"><span style=\"font-size: large;\">Les frelons tentaient de fuir les coups de raquettes, les abeilles essayaient de me piquer, elles n\u2019aiment pas qu\u2019on s\u2019agite devant les ruches. <\/span><\/span><span style=\"font-family: Times New Roman, serif;\"><span style=\"font-size: large;\">Au bout de quelques ann\u00e9es <\/span><\/span><span style=\"font-family: Times New Roman, serif;\"><span style=\"font-size: large;\">m\u00eame <\/span><\/span><span style=\"font-family: Times New Roman, serif;\"><span style=\"font-size: large;\">1 heure 3 fois par jour, <\/span><\/span><span style=\"font-family: Times New Roman, serif;\"><span style=\"font-size: large;\">parfois 4,<\/span><\/span><span style=\"font-family: Times New Roman, serif;\"><span style=\"font-size: large;\"> ne se sont pas av\u00e9r\u00e9es suffisantes. <\/span><\/span><span style=\"font-family: Times New Roman, serif;\"><span style=\"font-size: large;\">J\u2019en tuais plus de 100 voire nettement plus par jour.<\/span><\/span> <span style=\"font-family: Times New Roman, serif;\"><span style=\"font-size: large;\">Les abeilles \u00e9taient si stress\u00e9es qu\u2019elles ne sortaient plus butiner. <\/span><\/span><span style=\"font-family: Times New Roman, serif;\"><span style=\"font-size: large;\">Evigemment la production de miel \u00e9tait nulle ou presque.<\/span><\/span><\/span><\/p>\n<p class=\"western\"><span style=\"font-family: Times New Roman, serif;\"><span style=\"font-size: large;\"><span lang=\"fr-FR\">En 2013, j\u2019ai constat\u00e9 plusieurs fois la pr\u00e9sence d\u2019une grosse mouche ray\u00e9e ressemblant \u00e0 un frelon, plut\u00f4t famili\u00e8re, n\u2019h\u00e9sitant pas \u00e0 venir se poser sur mon gant. A<\/span>pr\u00e8s \u00e9tude, il appara\u00eet qu&rsquo;il s&rsquo;agit d&rsquo;une volucelle (zonaria ou bombylans ?). Un insecte qui vivrait chez les frelons, se nourrit de leurs d\u00e9chets, voire les parasite. D&rsquo;o\u00f9 l&rsquo;int\u00e9r\u00eat de sa ressemblance physique, les frelons n&rsquo;appr\u00e9ciant pas particuli\u00e8rement les visites. Si c&rsquo;est un parasite des frelons, il serait donc pertinent d&rsquo;en prendre grand soin. Que fait-elle au rucher ? Peut-\u00eatre s&rsquo;impr\u00e9gner du \u00ab\u00a0personnage\u00a0\u00bb de frelon, pour mieux l&rsquo;imiter ? Ou suivre les frelons pour rep\u00e9rer leurs nids ?<\/span><\/span><\/p>\n<p class=\"western\"><span style=\"font-size: small;\"><span style=\"font-family: Times New Roman, serif;\"><span style=\"font-size: large;\">En 2014, on a mis une ruche \u00e0 la montagne, \u00e0 Gr\u00e9oli\u00e8res. Les frelons n\u2019y sont pas encore <\/span><\/span><span style=\"font-family: Times New Roman, serif;\"><span style=\"font-size: large;\">en nombre suffisant pour \u00eatre <\/span><\/span><span style=\"font-family: Times New Roman, serif;\"><span style=\"font-size: large;\">g\u00eanants.<\/span><\/span><span style=\"font-family: Times New Roman, serif;\"><span style=\"font-size: large;\"> Et le miel de montagne a un go\u00fbt fabuleux.<\/span><\/span><\/span><\/p>\n<p class=\"western\"><span style=\"font-size: small;\"><span style=\"font-family: Times New Roman, serif;\"><span style=\"font-size: large;\">Puis, en ao\u00fbt, une ruche \u00e0 Caussols. <\/span><\/span><span style=\"font-family: Times New Roman, serif;\"><span style=\"font-size: large;\">L\u00e0 il n\u2019y a pas encore de frelons.<\/span><\/span><\/span><\/p>\n<p class=\"western\"><span style=\"font-size: small;\"><span style=\"font-family: Times New Roman, serif;\"><span style=\"font-size: large;\">F<\/span><\/span><span style=\"font-family: Times New Roman, serif;\"><span style=\"font-size: large;\">in novembre 2014, la ruche de Gr\u00e9oli\u00e8res est vide. Je n\u2019en remettrai pas.<\/span><\/span><\/span><\/p>\n<p class=\"western\"><span style=\"font-family: Times New Roman, serif;\"><span style=\"font-size: large;\">En 2015, on est partis 2 semaines d\u00e9but ao\u00fbt. Au retour \u00e0 Vallauris, une ruche n\u2019\u00e9tait plus habit\u00e9e que par des frelons. Les autres \u00e9taient si faibles qu\u2019il a fallu les nourrir.<\/span><\/span><\/p>\n<p class=\"western\"><span style=\"font-family: Times New Roman, serif;\"><span style=\"font-size: large;\">En 2016, une bonne nouvelle\u00a0: j\u2019ai commenc\u00e9 \u00e0 constater que, sur 2 ruches, des paquets d\u2019abeilles se pr\u00e9cipitaient parfois sur un frelon jug\u00e9 trop proche, faisaient autour de lui une boule qui roulait par terre. Quand les abeilles repartaient, le frelon \u00e9tait sinon mort au moins tr\u00e8s malade. On voit mal comment les abeilles pourraient de cette fa\u00e7on se d\u00e9barrasser des frelons, beaucoup trop nombreux, mais c\u2019est encourageant.<\/span><\/span><\/p>\n<figure id=\"attachment_306\" aria-describedby=\"caption-attachment-306\" style=\"width: 657px\" class=\"wp-caption aligncenter\"><a href=\"http:\/\/arcadia.cuerq.net\/wp-content\/uploads\/2020\/10\/Frelons2.png\"><img decoding=\"async\" loading=\"lazy\" class=\"size-full wp-image-306\" src=\"http:\/\/arcadia.cuerq.net\/wp-content\/uploads\/2020\/10\/Frelons2.png\" alt=\"\" width=\"657\" height=\"850\" srcset=\"https:\/\/arcadia.cuerq.net\/wp-content\/uploads\/2020\/10\/Frelons2.png 657w, https:\/\/arcadia.cuerq.net\/wp-content\/uploads\/2020\/10\/Frelons2-232x300.png 232w\" sizes=\"(max-width: 657px) 100vw, 657px\" \/><\/a><figcaption id=\"caption-attachment-306\" class=\"wp-caption-text\">Une partie de la r\u00e9colte de frelons asiatiques en 2017<\/figcaption><\/figure>\n<p class=\"western\"><span style=\"font-size: small;\"><span style=\"font-family: Times New Roman, serif;\"><span style=\"font-size: large;\">En 2018, la situation \u00e9tant intenable \u00e0 Vallauris, toutes les ruches ont \u00e9t\u00e9 transf\u00e9r\u00e9es \u00e0 Caussols. Les frelons n\u2019y sont pas, <\/span><\/span><span style=\"font-family: Times New Roman, serif;\"><span style=\"font-size: large;\">pour le moment<\/span><\/span><span style=\"font-family: Times New Roman, serif;\"><span style=\"font-size: large;\">. Depuis, on en ram\u00e8ne \u00e0 Vallauris en hiver, <\/span><\/span><span style=\"font-family: Times New Roman, serif;\"><span style=\"font-size: large;\">pour le plaisir d\u2019y voir quelques abeilles. O<\/span><\/span><span style=\"font-family: Times New Roman, serif;\"><span style=\"font-size: large;\"><span lang=\"fr-FR\">n les remonte \u00e0 Caussols (altitude 1100m) <\/span><\/span><\/span><span style=\"font-family: Times New Roman, serif;\"><span style=\"font-size: large;\"><span lang=\"fr-FR\">quand<\/span><\/span><\/span><span style=\"font-family: Times New Roman, serif;\"><span style=\"font-size: large;\"><span lang=\"fr-FR\"> les frelons y sont pr\u00e9sents<\/span><\/span><\/span><span style=\"font-family: Times New Roman, serif;\"><span style=\"font-size: large;\">.<\/span><\/span><\/span><\/p>\n<p class=\"western\"><span style=\"font-size: small;\"><span style=\"font-family: Times New Roman, serif;\"><span style=\"font-size: large;\">P<\/span><\/span><span style=\"font-family: Times New Roman, serif;\"><span style=\"font-size: large;\">our \u00e9viter tout risque lors du transport, on d\u00e9place les ruches dans des bo\u00eetes de transhumance de construction artisanale, port\u00e9es \u00e0 deux comme un palanquin.<\/span><\/span><\/span><\/p>\n<p class=\"western\"><span style=\"font-family: Times New Roman, serif;\"><span style=\"font-size: large;\"><u>3\/ Les pi\u00e8ges \u00e0 frelons type bouteille \u00e0 goulot invers\u00e9<\/u><\/span><\/span><\/p>\n<p class=\"western\"><span style=\"font-family: Times New Roman, serif;\">3.1\/ R\u00e9alisation\u00a0: Les pi\u00e8ges sont ex\u00e9cut\u00e9s au moyen de bouteilles en plastique de 1,5 litre, coup\u00e9es environ aux \u00be de fa\u00e7on \u00e0 pouvoir embo\u00eeter la partie goulot, retourn\u00e9e, dans l\u2019autre partie.<\/span><\/p>\n<p class=\"western\"><span style=\"font-family: Times New Roman, serif;\"><span style=\"font-size: large;\">Les deux parties sont maintenues ensemble par un fil de fer pass\u00e9 dans deux trous diam\u00e9tralement oppos\u00e9s, lequel fil de fer sert aussi \u00e0 attacher le pi\u00e8ge dans un arbre.<\/span><\/span><\/p>\n<p class=\"western\"><span style=\"font-family: Times New Roman, serif;\"><span style=\"font-size: large;\">Afin de limiter le niveau de liquide dans le pi\u00e8ge (notamment en cas de pluie, susceptible de faire monter le niveau dans la bouteille), un ou plusieurs petits trous sont perc\u00e9s \u00e0 mi-hauteur entre le fond et le niveau du goulot.<\/span><\/span><\/p>\n<p class=\"western\"><span style=\"font-family: Times New Roman, serif;\"><span style=\"font-size: large;\">On peut aussi, pour prot\u00e9ger le pi\u00e8ge de la pluie, lui adjoindre un chapeau, r\u00e9alis\u00e9 par exemple au moyen d\u2019une petite assiette genre jetable en plastique, laquelle assiette peut \u00eatre maintenue en position horizontale par une pince \u00e0 linge.<\/span><\/span><\/p>\n<p><a href=\"http:\/\/laruche.cuerq.net\/wp-content\/uploads\/2017\/12\/image002-2.jpg\"><img decoding=\"async\" loading=\"lazy\" class=\"aligncenter size-full wp-image-175\" src=\"http:\/\/laruche.cuerq.net\/wp-content\/uploads\/2017\/12\/image002-2.jpg\" alt=\"\" width=\"230\" height=\"432\" srcset=\"https:\/\/arcadia.cuerq.net\/wp-content\/uploads\/2017\/12\/image002-2.jpg 230w, https:\/\/arcadia.cuerq.net\/wp-content\/uploads\/2017\/12\/image002-2-160x300.jpg 160w\" sizes=\"(max-width: 230px) 100vw, 230px\" \/><\/a><\/p>\n<p class=\"western\"><span style=\"font-family: Times New Roman, serif;\"><span style=\"font-size: large;\">3.2\/ Attractif\u00a0: Il reste \u00e0 mettre un attractif dans le pi\u00e8ge\u00a0; ci-apr\u00e8s la recette de Chantal (civam apicole 06).<\/span><\/span><\/p>\n<p class=\"western\"><span style=\"font-family: Times New Roman, serif;\">Attractif frelons :<\/span><\/p>\n<ul>\n<li>\n<p class=\"western\"><span style=\"font-family: Times New Roman, serif;\">8l d&rsquo;eau<\/span><\/p>\n<\/li>\n<li>\n<p class=\"western\"><span style=\"font-family: Times New Roman, serif;\">1,5l de vin<\/span><\/p>\n<\/li>\n<li>\n<p class=\"western\"><span style=\"font-family: Times New Roman, serif;\">0,5l de vinaigre<\/span><\/p>\n<\/li>\n<li>\n<p class=\"western\"><span style=\"font-family: Times New Roman, serif;\">30 morceaux de sucre ou 250g<\/span><\/p>\n<\/li>\n<\/ul>\n<p class=\"western\"><span style=\"font-family: Times New Roman, serif;\">On peut rajouter un peu de liquide vaisselle, lequel facilite la noyade du frelon (liquide mouillant) <\/span><\/p>\n<p class=\"western\"><span style=\"font-family: Times New Roman, serif;\">Le vinaigre est r\u00e9pulsif pour les abeilles.<\/span><\/p>\n<p class=\"western\"><span style=\"font-family: Times New Roman, serif;\">3.3\/ Mise en place\u00a0: L\u2019emplacement du pi\u00e8ge est tr\u00e8s important. Comme aurait dit M. de la Palisse, il est pr\u00e9f\u00e9rable de le placer \u00e0 un endroit o\u00f9 les frelons sont susceptibles de se trouver. Suspendre le pi\u00e8ge, d\u00e8s le printemps, dans un arbre fruitier (pommier, figuier, etc.), de pr\u00e9f\u00e9rence au moment de la production, ou \u00e0 proximit\u00e9 du rucher.<\/span><\/p>\n<p class=\"western\"><span style=\"font-family: Times New Roman, serif;\"><span style=\"font-size: large;\"><u>4\/ Pr\u00e9sence du frelon asiatique au verger en 2020<\/u><\/span><\/span><\/p>\n<p class=\"western\"><span style=\"font-family: Times New Roman, serif;\"><span style=\"font-size: large;\">Au printemps 2020, quand toutes les ruches ont \u00e9t\u00e9 mont\u00e9es \u00e0 la montagne, on n\u2019a plus aper\u00e7u la moindre abeille dans le verger et le potager. Quelques. bourdons ont continu\u00e9 de polliniser. On n\u2019en a plus vu \u00e0 partir de septembre.<\/span><\/span><\/p>\n<p class=\"western\"><span style=\"font-family: Times New Roman, serif;\"><span style=\"font-size: large;\">Les frelons, eux, sont encore nombreux. En septembre, j\u2019en ai d\u00e9truit un nid devenu visible dans un cerisier quasi-mort. \u00c7a n\u2019a pas diminu\u00e9 sensiblement leur pr\u00e9sence.<\/span><\/span><\/p>\n<p class=\"western\"><span style=\"font-family: Times New Roman, serif;\"><span style=\"font-size: large;\">J\u2019ai essay\u00e9 de les faire travailler. J\u2019ai laiss\u00e9 ouvertes des ruches contenant des cadres b\u00e2tis, avec des traces de fausse teigne. Les frelons ont bien nettoy\u00e9, sans ab\u00eemer la cire. Il n\u2019y a eu aucun d\u00e9veloppement de fausse teigne.<\/span><\/span><\/p>\n<p class=\"western\"><span style=\"font-family: Times New Roman, serif;\"><span style=\"font-size: large;\">Dans les arbres (des agrumes), on les a parfois vus sur des feuilles attaqu\u00e9es par l\u2019aleurode floconneuse. Ils y ont trouv\u00e9 \u00e0 manger. Mais quoi\u00a0?<\/span><\/span><\/p>\n<p class=\"western\"><span style=\"font-family: Times New Roman, serif;\"><span style=\"font-size: large;\">Hypoth\u00e8se n\u00b01\u00a0: ils mangent l\u2019aleurode, ce qui serait une bonne chose.<\/span><\/span><\/p>\n<p class=\"western\"><span style=\"font-family: Times New Roman, serif;\"><span style=\"font-size: large;\">Hypoth\u00e8se n\u00b02\u00a0: ils mangent la petite gu\u00eape Cales Noacki, qui parasite l\u2019aleurode. Hypoth\u00e8se malheureusement confort\u00e9e par le fait que depuis plusieurs ann\u00e9es, l\u2019aleurode se d\u00e9veloppe. Longtemps limit\u00e9e aux six citronniers Meyer, on la trouve maintenant un peu partout, sur d\u2019autres vari\u00e9t\u00e9s.<\/span><\/span><\/p>\n<p class=\"western\"><span style=\"font-family: Times New Roman, serif;\"><span style=\"font-size: large;\">Hypoth\u00e8se n\u00b03\u00a0: ils mangent et la gu\u00eape et l\u2019aleurode.<\/span><\/span><\/p>\n<p class=\"western\"><span style=\"font-family: Times New Roman, serif;\"><span style=\"font-size: large;\">Mise \u00e0 jour 15\/09\/2019<\/span><\/span><\/p>\n","protected":false},"excerpt":{"rendered":"<p>1\/ Le probl\u00e8me des frelons 1\/1 Avant 2010\u00a0: les frelons europ\u00e9ens Tous les ans, les frelons (vespa crabro) r\u00e9apparaissaient au printemps\u00a0; avant la mise en place des premi\u00e8res ruches au verger, en 2005, la cohabitation ne posait aucun probl\u00e8me, m\u00eame s\u2019il apparaissait pr\u00e9f\u00e9rable, pour des raisons de s\u00e9curit\u00e9, de supprimer les nids qui s\u2019installaient de &hellip; <a href=\"https:\/\/arcadia.cuerq.net\/?page_id=174\" class=\"more-link\">Continuer la lecture de <span class=\"screen-reader-text\">Frelons et Abeilles<\/span>  <span class=\"meta-nav\">&rarr;<\/span><\/a><\/p>\n","protected":false},"author":2,"featured_media":0,"parent":0,"menu_order":0,"comment_status":"closed","ping_status":"closed","template":"","meta":[],"_links":{"self":[{"href":"https:\/\/arcadia.cuerq.net\/index.php?rest_route=\/wp\/v2\/pages\/174"}],"collection":[{"href":"https:\/\/arcadia.cuerq.net\/index.php?rest_route=\/wp\/v2\/pages"}],"about":[{"href":"https:\/\/arcadia.cuerq.net\/index.php?rest_route=\/wp\/v2\/types\/page"}],"author":[{"embeddable":true,"href":"https:\/\/arcadia.cuerq.net\/index.php?rest_route=\/wp\/v2\/users\/2"}],"replies":[{"embeddable":true,"href":"https:\/\/arcadia.cuerq.net\/index.php?rest_route=%2Fwp%2Fv2%2Fcomments&post=174"}],"version-history":[{"count":5,"href":"https:\/\/arcadia.cuerq.net\/index.php?rest_route=\/wp\/v2\/pages\/174\/revisions"}],"predecessor-version":[{"id":309,"href":"https:\/\/arcadia.cuerq.net\/index.php?rest_route=\/wp\/v2\/pages\/174\/revisions\/309"}],"wp:attachment":[{"href":"https:\/\/arcadia.cuerq.net\/index.php?rest_route=%2Fwp%2Fv2%2Fmedia&parent=174"}],"curies":[{"name":"wp","href":"https:\/\/api.w.org\/{rel}","templated":true}]}}