{"id":140,"date":"2017-12-01T19:40:37","date_gmt":"2017-12-01T18:40:37","guid":{"rendered":"http:\/\/laruche.cuerq.net\/?page_id=140"},"modified":"2018-01-02T15:50:36","modified_gmt":"2018-01-02T14:50:36","slug":"couteau","status":"publish","type":"page","link":"https:\/\/arcadia.cuerq.net\/?page_id=140","title":{"rendered":"&#8211; Oranges \u00e0 couteau"},"content":{"rendered":"<h1 align=\"CENTER\">Oranges \u00e0 couteau, oranges \u00e0 jus et nombrilisme<\/h1>\n<p><span style=\"font-size: medium;\">Quand j\u2019ai repris l\u2019exploitation du verger d\u2019agrumes des Bas-Brusquets, une des (plus importantes) questions auxquelles j\u2019ai eu rapidement \u00e0 faire face pour la vente des oranges a \u00e9t\u00e9\u00a0: \u00ab\u00a0Est-ce que ce sont des oranges \u00e0 couteau ou des oranges \u00e0 jus\u00a0?\u00a0\u00bb. J\u2019ai devin\u00e9 ce que pouvait \u00eatre une orange \u00e0 jus, mais une orange \u00e0 couteau\u00a0?\u00a0?\u00a0? A contrario, il ne pouvait donc s\u2019agir que d\u2019une orange \u00ab\u00a0pas \u00e0 jus\u00a0\u00bb. Apr\u00e8s moult \u00e9tudes, questionnements \u00e0 des personnes aussi diverses que comp\u00e9tentes (\u00e0 l\u2019\u00e9poque, j\u2019utilisais peu les &#8211; maintenant &#8211; immenses ressources d\u2019internet), recoupements, il est apparu que les oranges pouvaient bel et bien \u00eatre divis\u00e9es en deux principales cat\u00e9gories\u00a0: les oranges \u00e0 couteau et les oranges \u00e0 jus.<\/span><\/p>\n<p class=\"western\"><span style=\"font-size: medium;\">Les oranges \u00e0 couteau, appel\u00e9es aussi parfois oranges de table, ou oranges \u00ab\u00a0\u00e0 manger\u00a0\u00bb, voire \u00ab\u00a0oranges de bouche\u00a0\u00bb ou encore, pourquoi pas, \u00ab\u00a0oranges \u00e0 dessert\u00a0\u00bb, sont celles que l\u2019on mange\u00a0: il s\u2019agit des oranges navels.<\/span><\/p>\n<p class=\"western\"><span style=\"font-size: medium;\">Et les oranges \u00e0 jus sont celles\u2026 que l\u2019on boit, dont on ne consomme que le jus, donc les autres\u2026<\/span><\/p>\n<p class=\"western\"><span style=\"font-size: medium;\">Voir aussi le texte \u00ab\u00a0Les vari\u00e9t\u00e9s d\u2019agrumes\u00a0\u00bb, qui donne un avant-go\u00fbt, si j\u2019ose dire, sur le sujet.<\/span><\/p>\n<p align=\"JUSTIFY\"><span style=\"font-family: 'Times New Roman', serif;\"><span style=\"font-size: medium;\">En pratique, comment peut-on distinguer une orange \u00e0 couteau d\u2019une orange \u00e0 jus\u00a0?<\/span><\/span><\/p>\n<ul>\n<li>\n<p align=\"JUSTIFY\"><span style=\"font-family: 'Lucida Bright', Georgia, serif;\"><span style=\"font-size: x-large;\"><span style=\"font-family: 'Times New Roman', serif;\"><span style=\"font-size: medium;\">De l\u2019ext\u00e9rieur, le cas est difficile\u00a0: les oranges Navels se caract\u00e9risent souvent par une petite excroissance secondaire int\u00e9gr\u00e9e \u00e0 la mani\u00e8re d&rsquo;un nombril (navel signifie ombilic en anglais<\/span><\/span><sup><span style=\"font-family: 'Times New Roman', serif;\"><span style=\"font-size: medium;\"><a class=\"sdfootnoteanc\" href=\"file:\/\/\/T:\/Documents\/Sites%20Web\/www.cuerq.net\/arcadia\/10.Oranges_%C3%A0_couteau.htm#sdfootnote1sym\" name=\"sdfootnote1anc\">1<\/a><\/span><\/span><\/sup><span style=\"font-family: 'Times New Roman', serif;\"><span style=\"font-size: medium;\">) sur la partie sup\u00e9rieure du fruit. Mais ce n\u2019est pas une r\u00e8gle absolue\u00a0:<\/span><\/span><\/span><\/span><\/p>\n<\/li>\n<li>\n<p align=\"JUSTIFY\"><span style=\"font-family: 'Times New Roman', serif;\"><span style=\"font-size: medium;\">D\u2019une part, dans un arbre d\u2019une vari\u00e9t\u00e9 de navels, certains fruits peuvent avoir un \u00ab\u00a0nombril\u00a0\u00bb et d\u2019autres pas.<\/span><\/span><\/p>\n<\/li>\n<li>\n<p align=\"JUSTIFY\"><span style=\"font-family: 'Times New Roman', serif;\"><span style=\"font-size: medium;\">Dautre part, en g\u00e9n\u00e9ral, les non-navels n\u2019en ont pas\u00a0; mais ce n\u2019est pas non plus une r\u00e8gle absolue, ce serait trop facile\u00a0! Certaines oranges \u00e0 jus pr\u00e9sentent une excroissance qui font penser \u00e0 une navel\u00a0: voir les photos ci-apr\u00e8s\u00a0:<\/span><\/span><\/p>\n<\/li>\n<\/ul>\n<figure id=\"attachment_141\" aria-describedby=\"caption-attachment-141\" style=\"width: 640px\" class=\"wp-caption alignnone\"><a href=\"http:\/\/laruche.cuerq.net\/wp-content\/uploads\/2017\/12\/m28500648.jpg\"><img decoding=\"async\" loading=\"lazy\" class=\"wp-image-141 size-full\" src=\"http:\/\/laruche.cuerq.net\/wp-content\/uploads\/2017\/12\/m28500648.jpg\" alt=\"\" width=\"640\" height=\"480\" srcset=\"https:\/\/arcadia.cuerq.net\/wp-content\/uploads\/2017\/12\/m28500648.jpg 640w, https:\/\/arcadia.cuerq.net\/wp-content\/uploads\/2017\/12\/m28500648-300x225.jpg 300w\" sizes=\"(max-width: 640px) 100vw, 640px\" \/><\/a><figcaption id=\"caption-attachment-141\" class=\"wp-caption-text\">orange Tarocco (\u00ab\u00a0\u00e0 jus\u00a0\u00bb, 1\/2 sanguine)<\/figcaption><\/figure>\n<p>&nbsp;<\/p>\n<figure id=\"attachment_142\" aria-describedby=\"caption-attachment-142\" style=\"width: 640px\" class=\"wp-caption alignnone\"><a href=\"http:\/\/laruche.cuerq.net\/wp-content\/uploads\/2017\/12\/m10e142f6.jpg\"><img decoding=\"async\" loading=\"lazy\" class=\"wp-image-142 size-full\" src=\"http:\/\/laruche.cuerq.net\/wp-content\/uploads\/2017\/12\/m10e142f6.jpg\" alt=\"\" width=\"640\" height=\"437\" srcset=\"https:\/\/arcadia.cuerq.net\/wp-content\/uploads\/2017\/12\/m10e142f6.jpg 640w, https:\/\/arcadia.cuerq.net\/wp-content\/uploads\/2017\/12\/m10e142f6-300x205.jpg 300w\" sizes=\"(max-width: 640px) 100vw, 640px\" \/><\/a><figcaption id=\"caption-attachment-142\" class=\"wp-caption-text\">orange Salustiana (\u00ab\u00a0\u00e0 jus\u00a0\u00bb)<\/figcaption><\/figure>\n<p>&nbsp;<\/p>\n<figure id=\"attachment_143\" aria-describedby=\"caption-attachment-143\" style=\"width: 640px\" class=\"wp-caption alignnone\"><a href=\"http:\/\/laruche.cuerq.net\/wp-content\/uploads\/2017\/12\/m5a9b9f20.png\"><img decoding=\"async\" loading=\"lazy\" class=\"wp-image-143 size-full\" src=\"http:\/\/laruche.cuerq.net\/wp-content\/uploads\/2017\/12\/m5a9b9f20.png\" alt=\"\" width=\"640\" height=\"448\" srcset=\"https:\/\/arcadia.cuerq.net\/wp-content\/uploads\/2017\/12\/m5a9b9f20.png 640w, https:\/\/arcadia.cuerq.net\/wp-content\/uploads\/2017\/12\/m5a9b9f20-300x210.png 300w\" sizes=\"(max-width: 640px) 100vw, 640px\" \/><\/a><figcaption id=\"caption-attachment-143\" class=\"wp-caption-text\">orange Washington navel<\/figcaption><\/figure>\n<ul>\n<li>\n<p align=\"JUSTIFY\"><span style=\"font-family: 'Times New Roman', serif;\"><span style=\"font-size: medium;\">De l\u2019int\u00e9rieur\u00a0: l\u00e0, c\u2019est d\u2019habitude un peu plus net\u00a0; si, au niveau du nombril, on trouve une sorte de petite orange interne, c\u2019est qu\u2019il s\u2019agit d\u2019une navel. Mais si cette petite orange ne s\u2019y trouve pas, ce n\u2019est pas une preuve absolue que ce ne soit pas une navel. C\u2019est bien compliqu\u00e9, tout \u00e7a. Les non-navels n\u2019ont jamais de petite orange interne.<\/span><\/span><\/p>\n<\/li>\n<\/ul>\n<p align=\"JUSTIFY\"><span style=\"font-family: 'Times New Roman', serif;\"><span style=\"font-size: medium;\">Un nombril de Washington navel mesurant 4 cm de diam\u00e8tre est relativement courant\u00a0; sur une Salustiana, j\u2019en ai mesur\u00e9 un de 1,8 cm, ce qui est beaucoup pour cette vari\u00e9t\u00e9 d\u2019orange, donc plus rare. Sur une Valencia Late de 352 g, le nombril, de forme ovalo\u00efde, mesurait environ 16 mm X 10 mm.<\/span><\/span><\/p>\n<p align=\"JUSTIFY\"><span style=\"font-family: 'Times New Roman', serif;\"><span style=\"font-size: medium;\">Quelles sont les diff\u00e9rences qui ont abouti \u00e0 la s\u00e9paration entre ces deux cat\u00e9gories\u00a0?<\/span><\/span><\/p>\n<p align=\"JUSTIFY\"><span style=\"font-family: 'Times New Roman', serif;\"><span style=\"font-size: medium;\">Les oranges \u00e0 couteau sont cens\u00e9es \u00eatre\u00a0:<\/span><\/span><\/p>\n<ul>\n<li>\n<p align=\"JUSTIFY\"><span style=\"font-family: 'Times New Roman', serif;\"><span style=\"font-size: medium;\">plus douces (moins acides)\u00a0; la r\u00e9alit\u00e9 est plus nuanc\u00e9e<\/span><\/span><\/p>\n<\/li>\n<li>\n<p align=\"JUSTIFY\"><span style=\"font-family: 'Times New Roman', serif;\"><span style=\"font-size: medium;\">sans p\u00e9pins<\/span><\/span><\/p>\n<\/li>\n<li>\n<p align=\"JUSTIFY\"><span style=\"font-family: 'Times New Roman', serif;\"><span style=\"font-size: medium;\">plus faciles \u00e0 \u00e9plucher<\/span><\/span><\/p>\n<\/li>\n<\/ul>\n<p align=\"JUSTIFY\"><span style=\"font-family: 'Times New Roman', serif;\"><span style=\"font-size: medium;\">Les oranges \u00e0 jus peuvent\u00a0:<\/span><\/span><\/p>\n<ul>\n<li>\n<p align=\"JUSTIFY\"><span style=\"font-family: 'Times New Roman', serif;\"><span style=\"font-size: medium;\">contenir quelques p\u00e9pins<\/span><\/span><\/p>\n<\/li>\n<li>\n<p align=\"JUSTIFY\"><span style=\"font-family: 'Lucida Bright', Georgia, serif;\"><span style=\"font-size: x-large;\"><span style=\"font-family: 'Times New Roman', serif;\"><span style=\"font-size: medium;\">s\u2019av\u00e9rer plus r\u00e9sistantes \u00e0 l\u2019oxydation<\/span><\/span><sup><span style=\"font-family: 'Times New Roman', serif;\"><span style=\"font-size: medium;\"><a class=\"sdfootnoteanc\" href=\"file:\/\/\/T:\/Documents\/Sites%20Web\/www.cuerq.net\/arcadia\/10.Oranges_%C3%A0_couteau.htm#sdfootnote2sym\" name=\"sdfootnote2anc\">2<\/a><\/span><\/span><\/sup><span style=\"font-family: 'Times New Roman', serif;\"><span style=\"font-size: medium;\">, une fois transform\u00e9es en jus (un jus de navel, en th\u00e9orie, peut prendre assez vite un go\u00fbt amer, d\u00e9sagr\u00e9able, du fait de l\u2019oxydation). A v\u00e9rifier.<\/span><\/span><\/span><\/span><\/p>\n<\/li>\n<\/ul>\n<p align=\"JUSTIFY\"><span style=\"font-family: 'Times New Roman', serif;\"><span style=\"font-size: medium;\">Par ailleurs, on pourrait logiquement (\u00e0 mon sens) supposer que les oranges \u00e0 jus soient cens\u00e9es avoir un meilleur rendement en jus ; les quelques mesures effectu\u00e9es ne l\u2019ont pas confirm\u00e9 (les rendements en jus constat\u00e9s sont similaires), mais des \u00e9tudes compl\u00e9mentaires sont encore n\u00e9cessaires sur ce point.<\/span><\/span><\/p>\n<p class=\"western\"><span style=\"font-size: medium;\">mise \u00e0 jour au 17 f\u00e9vrier 2011<\/span><\/p>\n<p><span style=\"font-size: large;\"><span style=\"font-size: medium;\">Toute information confirmant ou infirmant le texte ci-avant est bienvenue. Merci d\u2019envoyer tout commentaire \u00e0 l\u2019adresse <\/span><span style=\"color: #0000ff;\"><u><a href=\"mailto:arcadia@cuerq.net\"><span style=\"font-size: medium;\">arcadia@cuerq.net<\/span><\/a><\/u><\/span><span style=\"font-size: medium;\">.<\/span><\/span><\/p>\n<hr \/>\n<div id=\"sdfootnote1\">\n<p class=\"sdfootnote-western\"><a class=\"sdfootnotesym\" href=\"file:\/\/\/T:\/Documents\/Sites%20Web\/www.cuerq.net\/arcadia\/10.Oranges_%C3%A0_couteau.htm#sdfootnote1anc\" name=\"sdfootnote1sym\">1<\/a> Le nombril (ou ombilic, du latin umbilicus) a de nombreuses appellations. En anglais, outre navel, on utilise aussi bellybutton, terme qui me pla\u00eet personnellement davantage, parce que plus imag\u00e9. Ma m\u00e8re, limougeaude, l\u2019appelait le \u00ab\u00a0nambouni\u00a0\u00bb\u00a0; pour mon p\u00e8re, natif de Bourgogne, c\u2019\u00e9tait le \u00ab\u00a0breuilleu\u00a0\u00bb. En Provence, o\u00f9 j\u2019habite maintenant, c\u2019est l\u2019embouligo (m\u00eame \u00e9thymologie qu\u2019ombilic\u00a0?).<\/p>\n<p class=\"sdfootnote-western\">A noter encore\u00a0:<\/p>\n<ul>\n<li>\n<p class=\"sdfootnote-western\">que pour les grecs anciens, le nombril <span style=\"font-family: Arial, sans-serif;\">(<\/span><span style=\"font-family: Symbol, serif;\">\uf06f\uf06d\uf066\uf061\uf06c\uf06f\uf073\uf020\uf02d\uf020<\/span><span style=\"font-family: 'Arial Narrow', sans-serif;\">damned, je ne sais pas faire les accents\u00a0! <\/span><span style=\"font-family: Arial, sans-serif;\">&#8211; , lire \u00ab\u00a0omphalos\u00a0\u00bb)<\/span> du monde (i.e.\u00a0: le centre du monde) se trouvait \u00e0 Delphes. Le m\u00eame terme \u00e9tait d\u00e9j\u00e0 utilis\u00e9 pour d\u00e9signer, aussi, un renforcement au sommet ou \u00e0 la base d\u2019un fruit (voir texte, probablement faussement attribu\u00e9 \u00e0 Aristote, <i>Probl\u00e8mes 12,7<\/i>).<\/p>\n<\/li>\n<li>\n<p class=\"sdfootnote-western\">que la culture, c\u2019est comme la confiture, moins on en a, plus on l\u2019\u00e9tale (Pierre Desproges, merci M. F.C.).<\/p>\n<\/li>\n<\/ul>\n<\/div>\n<div id=\"sdfootnote2\">\n<p class=\"sdfootnote-western\"><a class=\"sdfootnotesym\" href=\"file:\/\/\/T:\/Documents\/Sites%20Web\/www.cuerq.net\/arcadia\/10.Oranges_%C3%A0_couteau.htm#sdfootnote2anc\" name=\"sdfootnote2sym\">2<\/a> En particulier, les vitamines contenues dans le jus d\u2019orange sont tr\u00e8s sensibles \u00e0 la lumi\u00e8re, \u00e0 l\u2019oxydation et \u00e0 la chaleur.<\/p>\n<\/div>\n","protected":false},"excerpt":{"rendered":"<p>Oranges \u00e0 couteau, oranges \u00e0 jus et nombrilisme Quand j\u2019ai repris l\u2019exploitation du verger d\u2019agrumes des Bas-Brusquets, une des (plus importantes) questions auxquelles j\u2019ai eu rapidement \u00e0 faire face pour la vente des oranges a \u00e9t\u00e9\u00a0: \u00ab\u00a0Est-ce que ce sont des oranges \u00e0 couteau ou des oranges \u00e0 jus\u00a0?\u00a0\u00bb. J\u2019ai devin\u00e9 ce que pouvait \u00eatre &hellip; <a href=\"https:\/\/arcadia.cuerq.net\/?page_id=140\" class=\"more-link\">Continuer la lecture de <span class=\"screen-reader-text\">&#8211; Oranges \u00e0 couteau<\/span>  <span class=\"meta-nav\">&rarr;<\/span><\/a><\/p>\n","protected":false},"author":2,"featured_media":0,"parent":0,"menu_order":0,"comment_status":"closed","ping_status":"closed","template":"","meta":[],"_links":{"self":[{"href":"https:\/\/arcadia.cuerq.net\/index.php?rest_route=\/wp\/v2\/pages\/140"}],"collection":[{"href":"https:\/\/arcadia.cuerq.net\/index.php?rest_route=\/wp\/v2\/pages"}],"about":[{"href":"https:\/\/arcadia.cuerq.net\/index.php?rest_route=\/wp\/v2\/types\/page"}],"author":[{"embeddable":true,"href":"https:\/\/arcadia.cuerq.net\/index.php?rest_route=\/wp\/v2\/users\/2"}],"replies":[{"embeddable":true,"href":"https:\/\/arcadia.cuerq.net\/index.php?rest_route=%2Fwp%2Fv2%2Fcomments&post=140"}],"version-history":[{"count":6,"href":"https:\/\/arcadia.cuerq.net\/index.php?rest_route=\/wp\/v2\/pages\/140\/revisions"}],"predecessor-version":[{"id":211,"href":"https:\/\/arcadia.cuerq.net\/index.php?rest_route=\/wp\/v2\/pages\/140\/revisions\/211"}],"wp:attachment":[{"href":"https:\/\/arcadia.cuerq.net\/index.php?rest_route=%2Fwp%2Fv2%2Fmedia&parent=140"}],"curies":[{"name":"wp","href":"https:\/\/api.w.org\/{rel}","templated":true}]}}