{"id":114,"date":"2017-12-01T19:27:46","date_gmt":"2017-12-01T18:27:46","guid":{"rendered":"http:\/\/laruche.cuerq.net\/?page_id=114"},"modified":"2020-10-04T16:28:00","modified_gmt":"2020-10-04T15:28:00","slug":"indesirables","status":"publish","type":"page","link":"https:\/\/arcadia.cuerq.net\/?page_id=114","title":{"rendered":"&#8211; Les ind\u00e9sirables au verger"},"content":{"rendered":"<p align=\"center\"><span style=\"font-size: x-large;\">LES INDESIRABLES AU VERGER<\/span><\/p>\n<p><u>PREAMBULE<\/u><\/p>\n<p class=\"western\"><span style=\"font-size: large;\">Au verger, on observe quelques ravageurs, dont le nombre s\u2019\u00e9quilibre en g\u00e9n\u00e9ral naturellement. Aucune action sp\u00e9cifique n\u2019est n\u00e9cessaire, sauf dans le cas de la mouche des agrumes, appel\u00e9e c\u00e9ratite (voir plus loin).<\/span><\/p>\n<p>Les ind\u00e9sirables peuvent \u00eatre class\u00e9s en plusieurs cat\u00e9gories\u00a0:<\/p>\n<ul>\n<li>Des insectes<\/li>\n<li>Des mollusques<\/li>\n<li>Des oiseaux<\/li>\n<li>Des mammif\u00e8res<\/li>\n<\/ul>\n<p>Et puis aussi, dans la m\u00eame cat\u00e9gorie des \u00ab\u00a0ind\u00e9sirables\u00a0\u00bb\u00a0:<\/p>\n<ul>\n<li>Des maladies<\/li>\n<\/ul>\n<p>Dans l\u2019autre sens, il s\u2019y trouve aussi des auxiliaires qui sont des pr\u00e9dateurs des \u00ab\u00a0ind\u00e9sirables\u00a0\u00bb, et qui aident \u00e0 \u00e9quilibrer les \u00e9l\u00e9ments n\u00e9gatifs.<\/p>\n<p class=\"western\">Cette liste ne cite pas tous les habitants du verger, simples locataires (voire inconnus), dont la pr\u00e9sence n\u2019est a priori ni nuisible ni b\u00e9n\u00e9fique, mais bien r\u00e9elle\u00a0: blaireaux, renards, etc.<\/p>\n<p><u>1.1\/ LES INSECTES<\/u><\/p>\n<p>sont plus ou moins pr\u00e9sents tous les ans\u00a0:<\/p>\n<p><span style=\"font-size: large;\">1.1.1\/ acarien du bourgeon Aceria sheldoni Ewing<\/span><\/p>\n<p class=\"western\"><span style=\"font-size: large;\">1.1.2\/ aleurode floconneuse Aleurothrixus floccosus<\/span><\/p>\n<p class=\"western\"><span style=\"font-size: large;\">1.1.3\/ c\u00e9toine drap mortuaire Oxythyrea funesta<\/span><\/p>\n<p class=\"western\"><span style=\"font-size: large;\">1.1.4\/ cicadelle blanche Metcalfa pruinosa<\/span><\/p>\n<p class=\"western\"><span style=\"font-size: large;\">1.1.5\/ cochenille asiatique Unaspis yanonensis<\/span><\/p>\n<p class=\"western\"><span style=\"font-size: large;\">1.1.6\/ cochenille australienne Icerya purchasi Maskell<\/span><\/p>\n<p class=\"western\"><span style=\"font-size: large;\">1.1.7\/ cochenille chinoise Ceroplastes sinensis del Guercio<\/span><\/p>\n<p class=\"western\"><span style=\"font-size: large;\">1.1.8\/ cochenille noire de l\u2019olivier Saissetia Oleae Bernard<\/span><\/p>\n<p class=\"western\"><span style=\"font-size: large;\">1.1.9 cochenille non identifi\u00e9e (ressemble \u00e0 cochenille plate Coccus hesperidum Linn\u00e9)<\/span><\/p>\n<p class=\"western\"><span style=\"font-size: large;\">1.1.10\/ mineuse Phyllocnistis citrella<\/span><\/p>\n<p class=\"western\"><span style=\"font-size: large;\">1.1.11\/ mouche des fruits Ceratitis capitata Wiedmann<\/span><\/p>\n<p class=\"western\"><span style=\"font-size: large;\">1.1.12\/ puceron vert des agrumes Aphis spiraecola Patch<\/span><\/p>\n<p class=\"western\"><span style=\"font-size: large;\">1.1.13\/ teigne des fleurs Prays citri Milli\u00e8re<\/span><\/p>\n<p class=\"western\"><span style=\"font-size: large;\">1.1.14\/ pou rouge de Californie Aonidiella aurantii<\/span><\/p>\n<p class=\"western\"><span style=\"font-size: large;\"><u>1.2\/ LES MOLLUSQUES<\/u><\/span><\/p>\n<p class=\"western\"><span style=\"font-size: large;\">1.2.1\/ escargots<\/span><\/p>\n<p class=\"western\"><span style=\"font-size: large;\"><u>1.3\/ LES OISEAUX<\/u><\/span><\/p>\n<p class=\"western\"><span style=\"font-size: large;\">1.3.1\/ pies<\/span><\/p>\n<p class=\"western\"><span style=\"font-size: large;\"><u>1.4\/ LES MAMMIFERES<\/u><\/span><\/p>\n<p class=\"western\"><span style=\"font-size: large;\">1.4.1\/ \u00e9cureuils \u00e0 ventre rouge Callosciurus erythraeus<\/span><\/p>\n<p class=\"western\"><span style=\"font-size: large;\">1.4.2\/ sangliers<\/span><\/p>\n<p class=\"western\"><span style=\"font-size: large;\"><u>1.5\/ LES MALADIES<\/u><\/span><\/p>\n<p class=\"western\"><span style=\"font-size: large;\">1.5.1\/ mal secco ou phytophtora<\/span><\/p>\n<p class=\"western\"><span style=\"font-size: large;\"><u>1.6\/ DIVERS<\/u><\/span><\/p>\n<p class=\"western\"><span style=\"font-size: large;\">1.6.1\/ fumagine<\/span><\/p>\n<p class=\"western\"><span style=\"font-size: large;\">1.6.2\/ chim\u00e8res<\/span><\/p>\n<p class=\"western\"><span style=\"font-size: large;\"><u>1.7\/ HORS VERGER<\/u><\/span><\/p>\n<p class=\"western\"><span style=\"font-size: large;\">1.7.1\/ capnode<\/span><\/p>\n<p class=\"western\"><span style=\"font-size: large;\">1.7.2\/ taupin<\/span><\/p>\n<p style=\"text-align: center;\">1.1.1 Acarien des bourgeons<br \/>\nAceria sheldoni EWING<a href=\"http:\/\/laruche.cuerq.net\/wp-content\/uploads\/2017\/12\/image002.jpg\"><img decoding=\"async\" loading=\"lazy\" class=\"aligncenter size-full wp-image-115\" src=\"http:\/\/laruche.cuerq.net\/wp-content\/uploads\/2017\/12\/image002.jpg\" alt=\"\" width=\"414\" height=\"311\" srcset=\"https:\/\/arcadia.cuerq.net\/wp-content\/uploads\/2017\/12\/image002.jpg 414w, https:\/\/arcadia.cuerq.net\/wp-content\/uploads\/2017\/12\/image002-300x225.jpg 300w\" sizes=\"(max-width: 414px) 100vw, 414px\" \/><\/a><\/p>\n<p style=\"text-align: center;\">citron attaqu\u00e9 par Aceria<\/p>\n<p class=\"western\"><span style=\"font-size: large;\">Ravageur\u00a0: Acarien des bourgeons<\/span><\/p>\n<p class=\"western\"><span style=\"font-size: large;\">Aceria sheldoni EWING (Eriophyidae)<\/span><\/p>\n<p class=\"western\"><span style=\"font-size: large;\">Date\u00a0: 2004<\/span><\/p>\n<p class=\"western\"><span style=\"font-size: large;\">Arbre\u00a0: citronnierEureka, plant\u00e9 en 1988.<\/span><\/p>\n<p class=\"western\"><span style=\"font-size: large;\">N\u2019aime pas l\u2019humidit\u00e9\u00a0; g\u00ean\u00e9 par des pulv\u00e9risations d\u2019eau<\/span><\/p>\n<p class=\"western\"><span style=\"font-size: large;\">Observations\u00a0: invisible \u00e0 l\u2019\u0153il nu\u00a0; arachnide rencontr\u00e9 seulement sur les citronniers Eureka, quel que soit le porte-greffe.<\/span><\/p>\n<p class=\"western\"><span style=\"font-size: large;\">Les colonies s\u2019installent dans les bourgeons tr\u00e8s jeunes\u00a0; inhibition du d\u00e9veloppement des pousses terminales.<\/span><\/p>\n<p class=\"western\"><span style=\"font-size: large;\">Action spectaculaire, mais d\u00e9g\u00e2ts minimes dans le verger de Vallauris.<\/span><\/p>\n<p class=\"western\">Par ailleurs, d\u2019autres acariens Tetranychidae (Tetranychus urticae, Panonychus citri) ou Eriophyiidae (Phyllocoptruta oleivora, Aceria sheldoni) peuvent constituer des ravageurs r\u00e9guliers\u00a0; la lutte contre eux est difficile, l\u2019acarien \u00e9tant prot\u00e9g\u00e9 par le v\u00e9g\u00e9tal\u00a0; la pr\u00e9sence de ces acariens n\u2019a pas \u00e9t\u00e9 d\u00e9tect\u00e9e au verger.<\/p>\n<p style=\"text-align: center;\">1.1.2 Aleurode floconneuse<br \/>\nAleurothrixus floccosus<\/p>\n<p style=\"text-align: center;\"><a href=\"http:\/\/laruche.cuerq.net\/wp-content\/uploads\/2017\/12\/image004.jpg\"><img decoding=\"async\" loading=\"lazy\" class=\"aligncenter size-full wp-image-116\" src=\"http:\/\/laruche.cuerq.net\/wp-content\/uploads\/2017\/12\/image004.jpg\" alt=\"\" width=\"458\" height=\"344\" srcset=\"https:\/\/arcadia.cuerq.net\/wp-content\/uploads\/2017\/12\/image004.jpg 458w, https:\/\/arcadia.cuerq.net\/wp-content\/uploads\/2017\/12\/image004-300x225.jpg 300w\" sizes=\"(max-width: 458px) 100vw, 458px\" \/><\/a><\/p>\n<p class=\"western\"><span style=\"font-size: large;\">Ravageur\u00a0: aleurode floconneuse<\/span><\/p>\n<p class=\"western\"><span style=\"font-size: large;\">Date\u00a0: 2004<\/span><\/p>\n<p class=\"western\">Arbre\u00a0: citronnier Meyer, plant\u00e9 en 1988.<\/p>\n<p class=\"western\"><span style=\"font-size: large;\">Parasites\u00a0: Cales noacki (petite gu\u00eape originaire du Chili) l\u00e2ch\u00e9 en juillet 1971 (St-Laurent-du-Var), tr\u00e8s efficace, et Amitus spiniferus en 1975 (St-Honorat) permettent la limitation des populations d\u2019A. f. tr\u00e8s en dessous du seuil de nuisibilit\u00e9. Autres pr\u00e9dateurs constat\u00e9s en 2020\u00a0: frelons asiatiques, gu\u00eapes. Il est probable que les frelons asiatiques se gavent aussi de <i>Cales noacki<\/i>.<\/span><\/p>\n<p class=\"western\"><span style=\"font-size: large;\">Observations\u00a0: signal\u00e9 pour la premi\u00e8re fois en 1966, simultan\u00e9ment sur la C\u00f4te d\u2019Azur en France et en Espagne dans la r\u00e9gion de Malaga\u00a0; de 1966 \u00e0 1971, a constitu\u00e9 la principale cause de r\u00e9duction de production et des superficies plant\u00e9es en agrumes dans les Alpes-Maritimes. Pr\u00e9sente de 5 \u00e0 6 g\u00e9n\u00e9rations annuelles.<\/span><\/p>\n<p class=\"western\"><span style=\"font-size: small;\"><span style=\"font-size: large;\">Pr\u00e9sence peu importante <\/span><span style=\"font-size: large;\">fin des ann\u00e9es 80 <\/span><span style=\"font-size: large;\">dans le verger de Vallauris, <\/span><span style=\"font-size: large;\">limit\u00e9e aux citronniers Meyer<\/span><span style=\"font-size: large;\">. <\/span><span style=\"font-size: large;\">Se d\u00e9veloppe <\/span><span style=\"color: #000000;\"><span style=\"font-family: Times New Roman, serif;\"><span style=\"font-size: large;\"><span lang=\"fr-FR\">\u00e0 partir de<\/span><\/span><\/span><\/span><span style=\"font-size: large;\"> 20<\/span><span style=\"font-size: large;\">19<\/span> <span style=\"font-size: large;\">sur beaucoup d\u2019autres agrumes<\/span><span style=\"font-size: large;\">. <\/span><\/span><\/p>\n<p style=\"text-align: center;\">1.1.3 C\u00e9toine drap mortuaire<br \/>\nOxythyrea funesta<\/p>\n<p style=\"text-align: center;\"><a href=\"http:\/\/laruche.cuerq.net\/wp-content\/uploads\/2017\/12\/image006.jpg\"><img decoding=\"async\" loading=\"lazy\" class=\"aligncenter size-full wp-image-118\" src=\"http:\/\/laruche.cuerq.net\/wp-content\/uploads\/2017\/12\/image006.jpg\" alt=\"\" width=\"294\" height=\"223\" \/><\/a><\/p>\n<p class=\"western\"><span style=\"font-size: large;\">Les c\u00e9toines \u00ab\u00a0drap mortuaire\u00a0\u00bb sont nombreuses au verger\u00a0; on les remarque plus particuli\u00e8rement au moment de la floraison. Elles percent les boutons floraux, y p\u00e9n\u00e8trent enti\u00e8rement\u00a0; elles broutent les \u00e9tamines pour se nourrir de pollen, l\u00e9chant un peu de nectar et croquant quelques p\u00e9tales au passage. Elles l\u00e8sent les organes et provoquent la chute des jeunes fruits \u00e0 l\u2019\u00e9poque de la nouaison. Les d\u00e9g\u00e2ts au niveau de la r\u00e9colte sont difficiles \u00e0 \u00e9valuer, mais semblent tr\u00e8s limit\u00e9s.<\/span><\/p>\n<p class=\"western\"><span style=\"font-size: large;\">Elles peuvent pulluler \u00e0 c\u00f4t\u00e9 des zones de compostage, car les c\u00e9toines viennent y pondre et les larves produisent un excellent terreau. Vu sous cet angle, la c\u00e9toine s\u2019av\u00e8re davantage un auxiliaire qu\u2019un ravageur.<\/span><\/p>\n<p class=\"western\"><span style=\"font-size: large;\">Autre nom local &#8211; et color\u00e9 &#8211; : \u00ab\u00a0merdassier\u00a0\u00bb<\/span><\/p>\n<p style=\"text-align: center;\">1.1.4 Cicadelle blanche<br \/>\nMetcalfa pruinosa<\/p>\n<p style=\"text-align: center;\"><a href=\"http:\/\/laruche.cuerq.net\/wp-content\/uploads\/2017\/12\/image008.jpg\"><img decoding=\"async\" loading=\"lazy\" class=\"aligncenter size-full wp-image-119\" src=\"http:\/\/laruche.cuerq.net\/wp-content\/uploads\/2017\/12\/image008.jpg\" alt=\"\" width=\"220\" height=\"159\" \/><\/a><\/p>\n<p class=\"western\"><span style=\"font-size: large;\">Ravageur\u00a0: cicadelle<\/span><\/p>\n<p class=\"western\"><span style=\"font-size: large;\">Parasites\u00a0: Neodryinus (voir fiche sp\u00e9cifique), araign\u00e9es, l\u00e9zards, oiseaux<\/span><\/p>\n<p class=\"western\"><span style=\"font-size: large;\">Observations\u00a0: introduit accidentellement en Italie dans les ann\u00e9es 1980, cet insecte suceur, piqueur d&rsquo;origine am\u00e9ricaine a rapidement colonis\u00e9 le sud de la France. Se nourrissant de nombreux v\u00e9g\u00e9taux, il exsude un miellat particuli\u00e8rement vari\u00e9 et abondant qui attire divers hym\u00e9nopt\u00e8res, dont les abeilles, qui le transforment en miel. Son apparition a \u00e9t\u00e9 int\u00e9ressante pour l&rsquo;apiculture, et le miel de metcalfa est le seul \u00e0 porter un nom d&rsquo;insecte (contrairement \u00e0 un nom de plante ou de r\u00e9gion). Si les apiculteurs sont satisfaits, il en va autrement pour les agriculteurs, car Metcalfa pruinosa cause de s\u00e9rieux d\u00e9g\u00e2ts dans les cultures, en particulier \u00e0 cause des d\u00e9p\u00f4ts de miellat sur lesquels se d\u00e9veloppe un champignon noir\u00e2tre, la fumagine.<\/span><\/p>\n<p class=\"western\"><span style=\"font-size: large;\">Pr\u00e9sence peu importante au verger.<\/span><\/p>\n<p style=\"text-align: center;\">1.1.5 Cochenille asiatique<br \/>\nUnaspis yanonensis KUW<\/p>\n<p style=\"text-align: center;\"><a href=\"http:\/\/laruche.cuerq.net\/wp-content\/uploads\/2017\/12\/image010.jpg\"><img decoding=\"async\" loading=\"lazy\" class=\"aligncenter size-full wp-image-120\" src=\"http:\/\/laruche.cuerq.net\/wp-content\/uploads\/2017\/12\/image010.jpg\" alt=\"\" width=\"604\" height=\"363\" srcset=\"https:\/\/arcadia.cuerq.net\/wp-content\/uploads\/2017\/12\/image010.jpg 604w, https:\/\/arcadia.cuerq.net\/wp-content\/uploads\/2017\/12\/image010-300x180.jpg 300w\" sizes=\"(max-width: 604px) 100vw, 604px\" \/><\/a><\/p>\n<p style=\"text-align: center;\">Femelles (marrons) dont certaines sont parasit\u00e9es, et m\u00e2les (blancs)<\/p>\n<p class=\"western\"><span style=\"font-size: large;\">Ravageur\u00a0: cochenille asiatique, originaire de Chine (du Yunnan, d\u2019o\u00f9 son nom)<\/span><\/p>\n<p class=\"western\"><span style=\"font-size: large;\">Date\u00a0: 19 f\u00e9vrier 2004<\/span><\/p>\n<p class=\"western\"><span style=\"font-size: large;\">Arbre\u00a0: oranger Washington Navel (183) greff\u00e9 sur citrange Carrizzo, plant\u00e9 en 1988.<\/span><\/p>\n<p class=\"western\"><span style=\"font-size: large;\">Pr\u00e9dateurs\u00a0:<\/span><\/p>\n<ul>\n<li>\n<p class=\"western\"><span style=\"font-size: large;\">parasito\u00efdes Aphytis yanonensis et Cocobus fulvus, originaires de Chine (l\u00e2chers de l\u2019INRA vers 1990)\u00a0; moins r\u00e9sistants au climat local que la cochenille, ne suffisent pas pour en limiter la prolif\u00e9ration<\/span><\/p>\n<\/li>\n<li>\n<p class=\"western\"><span style=\"font-size: large;\">coccinelles Chilocorus bipustulatus L. (noire, 2 points orang\u00e9s) et Exochomus quadrilatus L. (rare\u00a0; vers St-Jean Capt-Ferrat\u00a0; grenat, marron rouge)<\/span><\/p>\n<\/li>\n<\/ul>\n<p class=\"western\">Observations\u00a0: Cochenille Diaspine. D\u2019abord limit\u00e9e \u00e0 la commune de Beaulieu, son foyer initial d\u2019introduction, elle atteignait en 1979 les collines Ouest de Nice, avant de continuer sa diffusion et faire par la suite des d\u00e9g\u00e2ts tr\u00e8s importants.<\/p>\n<p class=\"western\"><span style=\"font-size: large;\">Particuli\u00e8rement nuisible aux Citrus, elle attaque indistinctement toutes les parties de l\u2019arbre en provoquant le d\u00e9ss\u00e8chement complet des rameaux, la chute des feuilles et la d\u00e9t\u00e9rioration des fruits. Elle peut entra\u00eener rapidement la mortalit\u00e9 compl\u00e8te des sujets attaqu\u00e9s.<\/span><\/p>\n<p class=\"western\"><span style=\"font-size: large;\">Insecte rencontr\u00e9 sur tous les types d\u2019agrumes (citronniers, cl\u00e9mentiniers, kumquats, pomelos, limettiers, mandariniers, orangers) de la plantation. Quelques colonies \u00e9parses.<\/span><\/p>\n<p style=\"text-align: center;\">1.1.6 Cochenille australienne<br \/>\nIcerya purchasi MASKELL<\/p>\n<p style=\"text-align: center;\"><a href=\"http:\/\/laruche.cuerq.net\/wp-content\/uploads\/2017\/12\/image012.jpg\"><img decoding=\"async\" loading=\"lazy\" class=\"aligncenter size-full wp-image-121\" src=\"http:\/\/laruche.cuerq.net\/wp-content\/uploads\/2017\/12\/image012.jpg\" alt=\"\" width=\"401\" height=\"432\" srcset=\"https:\/\/arcadia.cuerq.net\/wp-content\/uploads\/2017\/12\/image012.jpg 401w, https:\/\/arcadia.cuerq.net\/wp-content\/uploads\/2017\/12\/image012-278x300.jpg 278w\" sizes=\"(max-width: 401px) 100vw, 401px\" \/><\/a><\/p>\n<p class=\"western\"><span style=\"font-size: large;\">Ravageur\u00a0: cochenille Icerya Purchasi MASKELL<\/span><\/p>\n<p class=\"western\"><span style=\"font-size: large;\">Date\u00a0: 19 f\u00e9vrier 2004<\/span><\/p>\n<p class=\"western\"><span style=\"font-size: large;\">Arbre\u00a0: cl\u00e9mentinier SRA85 B8 A11 (184) greff\u00e9 sur poncirus Rich., plant\u00e9 en 1988.<\/span><\/p>\n<p class=\"western\"><span style=\"font-size: large;\">Pr\u00e9dateur\u00a0:<\/span><\/p>\n<p class=\"western\"><span style=\"font-size: large;\">sp\u00e9cifique\u00a0: coccinelle australienne Novius cardinalis MULS., rouge et noire (introduite en 1889 en Californie pour lutter contre I.P.M)<\/span><\/p>\n<p class=\"western\"><span style=\"font-size: large;\">Observations\u00a0: insecte d\u00e9pourvu de bouclier protecteur ; relativement rare dans la plantation.<\/span><\/p>\n<p style=\"text-align: center;\">1.1.7 Cochenille chinoise<br \/>\nCeroplastes sinensis del Guercio<\/p>\n<p style=\"text-align: center;\"><a href=\"http:\/\/laruche.cuerq.net\/wp-content\/uploads\/2017\/12\/image014.jpg\"><img decoding=\"async\" loading=\"lazy\" class=\"aligncenter size-full wp-image-122\" src=\"http:\/\/laruche.cuerq.net\/wp-content\/uploads\/2017\/12\/image014.jpg\" alt=\"\" width=\"337\" height=\"291\" srcset=\"https:\/\/arcadia.cuerq.net\/wp-content\/uploads\/2017\/12\/image014.jpg 337w, https:\/\/arcadia.cuerq.net\/wp-content\/uploads\/2017\/12\/image014-300x259.jpg 300w\" sizes=\"(max-width: 337px) 100vw, 337px\" \/><\/a><\/p>\n<p class=\"western\"><span style=\"font-size: large;\">taille r\u00e9elle\u00a0: 5 mm<\/span><\/p>\n<p class=\"western\"><span style=\"font-size: large;\">Ravageur\u00a0: cochenille Ceroplastes sinensis\u00a0; L\u00e9canines<\/span><\/p>\n<p class=\"western\"><span style=\"font-size: large;\">Date\u00a0: 18 juillet 2004<\/span><\/p>\n<p class=\"western\"><span style=\"font-size: large;\">Arbre\u00a0: kumquat Fukushu (95) greff\u00e9 sur citrange Carizzo, plant\u00e9 en 1988.<\/span><\/p>\n<p class=\"western\"><span style=\"font-size: large;\">Pr\u00e9dateurs\u00a0:<\/span><\/p>\n<ul>\n<li>\n<p class=\"western\"><span style=\"font-size: large;\">Scuttelista cyanea MOTSCH. (Pt\u00e9romalides, existe en Corse)\u00a0; sorte de petite mouche dont la larve se d\u00e9veloppe en pr\u00e9datrice des pontes des diverses L\u00e9canines des genres Saissetia et Ceroplastes. Efficacit\u00e9 relative.<\/span><\/p>\n<\/li>\n<li>\n<p class=\"western\"><span style=\"font-size: large;\">Tetrastichus (Eulophide) dont l\u2019esp\u00e8ce T. ceroplastes semble sp\u00e9cifique des diff\u00e9rents Ceroplastes.<\/span><\/p>\n<\/li>\n<li>\n<p class=\"western\"><span style=\"font-size: large;\">Coccinelle \u00ab\u00a0g\u00e9n\u00e9raliste\u00a0\u00bb Chilochorus sp., coccinelles Scymnus et Cryptolemus<\/span><\/p>\n<\/li>\n<\/ul>\n<p class=\"western\"><span style=\"font-size: large;\">Observations\u00a0: insecte rare dans la plantation. Sa prolif\u00e9ration est favoris\u00e9e par une surabondance d\u2019azote. Reproduction par parthenog\u00e9n\u00e8se<\/span><\/p>\n<p class=\"western\"><span style=\"font-size: large;\">Ponte sur feuilles puis au fur et \u00e0 mesure descente vers les tiges\u00a0; les adultes sont sur les tiges<\/span><\/p>\n<p style=\"text-align: center;\">1.1.8 Cochenille noire de l\u2019olivier<br \/>\nSaissetia oleae Bernard<\/p>\n<p style=\"text-align: center;\"><a href=\"http:\/\/laruche.cuerq.net\/wp-content\/uploads\/2017\/12\/image016.jpg\"><img decoding=\"async\" loading=\"lazy\" class=\"aligncenter size-full wp-image-123\" src=\"http:\/\/laruche.cuerq.net\/wp-content\/uploads\/2017\/12\/image016.jpg\" alt=\"\" width=\"376\" height=\"300\" srcset=\"https:\/\/arcadia.cuerq.net\/wp-content\/uploads\/2017\/12\/image016.jpg 376w, https:\/\/arcadia.cuerq.net\/wp-content\/uploads\/2017\/12\/image016-300x239.jpg 300w\" sizes=\"(max-width: 376px) 100vw, 376px\" \/><\/a><\/p>\n<p class=\"western\"><span style=\"font-size: large;\">Ravageur\u00a0: cochenille noire de l\u2019olivier<\/span><\/p>\n<p class=\"western\"><span style=\"font-size: large;\">Date\u00a0: 14 juillet 2004<\/span><\/p>\n<p class=\"western\">Arbre\u00a0: citronnier Eureka (27) greff\u00e9 sur citrange Carrizzo, plant\u00e9 en 1988.<\/p>\n<p class=\"western\"><span style=\"font-size: large;\">Parasites\u00a0:<\/span><\/p>\n<ul>\n<li>\n<p class=\"western\"><span style=\"font-size: large;\">Metaphycus flavus HOW., esp\u00e8ce indig\u00e8ne retrouv\u00e9e dans tous les pays du bassin m\u00e9diterran\u00e9en<\/span><\/p>\n<\/li>\n<li>\n<p class=\"western\"><span style=\"font-size: large;\">coccinelle \u00ab\u00a0g\u00e9n\u00e9raliste\u00a0\u00bb Chilochorus sp.<\/span><\/p>\n<\/li>\n<li>\n<p class=\"western\"><span style=\"font-size: large;\">Scuttelista cyanea MOTSCH. (Pt\u00e9romalides, existe en Corse)\u00a0; sorte de petite mouche dont la larve se d\u00e9veloppe en pr\u00e9datrices des pontes des diverses L\u00e9canines des genres Saissetia et Ceroplastes. Efficacit\u00e9 relative.<\/span><\/p>\n<\/li>\n<\/ul>\n<p class=\"western\"><span style=\"font-size: large;\">Observations\u00a0: insecte rencontr\u00e9 sur quelques agrumes en g\u00e9n\u00e9ral proches des oliviers (et sur les oliviers)\u00a0; quantit\u00e9 peu importante.<\/span><\/p>\n<p style=\"text-align: center;\">1.1.9 Cochenille non identifi\u00e9e<br \/>\n(ressemble \u00e0 la cochenille plate Coccus hesperidum Linn\u00e9)<\/p>\n<p style=\"text-align: center;\"><a href=\"http:\/\/laruche.cuerq.net\/wp-content\/uploads\/2017\/12\/image018.jpg\"><img decoding=\"async\" loading=\"lazy\" class=\"aligncenter size-full wp-image-124\" src=\"http:\/\/laruche.cuerq.net\/wp-content\/uploads\/2017\/12\/image018.jpg\" alt=\"\" width=\"424\" height=\"358\" srcset=\"https:\/\/arcadia.cuerq.net\/wp-content\/uploads\/2017\/12\/image018.jpg 424w, https:\/\/arcadia.cuerq.net\/wp-content\/uploads\/2017\/12\/image018-300x253.jpg 300w\" sizes=\"(max-width: 424px) 100vw, 424px\" \/><\/a><\/p>\n<p class=\"western\"><span style=\"font-size: large;\">Ravageur\u00a0: cochenille plate\u00a0?, Coccus hesperidum Linn\u00e9\u00a0?\u00a0; non confirm\u00e9 (ni infirm\u00e9) lors visite INRA Biot le 17\/10\/2005.<\/span><\/p>\n<p class=\"western\"><span style=\"font-size: large;\">Date\u00a0: 26 juin 2004<\/span><\/p>\n<p class=\"western\"><span style=\"font-size: large;\">Arbre\u00a0: citronnier Eureka (27) greff\u00e9 sur Citrange Carrizo, plant\u00e9 en 1988.<\/span><\/p>\n<p class=\"western\"><span style=\"font-size: large;\">Parasites\u00a0: Metaphycus flavus HOW.<\/span><\/p>\n<p class=\"western\"><span style=\"font-size: large;\">Observations\u00a0: insecte rare dans la plantation (aper\u00e7u une seule fois, voir photo)<\/span><\/p>\n<p class=\"western\"><span style=\"font-size: large;\">Fourmi\u00a0: crametogaster custellaris<\/span><\/p>\n<p style=\"text-align: center;\">1.1.10 Mineuse<br \/>\nPhillocnistis citrella Staint.<\/p>\n<p style=\"text-align: center;\"><a href=\"http:\/\/laruche.cuerq.net\/wp-content\/uploads\/2017\/12\/image020.jpg\"><img decoding=\"async\" loading=\"lazy\" class=\"aligncenter size-full wp-image-126\" src=\"http:\/\/laruche.cuerq.net\/wp-content\/uploads\/2017\/12\/image020.jpg\" alt=\"\" width=\"372\" height=\"279\" srcset=\"https:\/\/arcadia.cuerq.net\/wp-content\/uploads\/2017\/12\/image020.jpg 372w, https:\/\/arcadia.cuerq.net\/wp-content\/uploads\/2017\/12\/image020-300x225.jpg 300w\" sizes=\"(max-width: 372px) 100vw, 372px\" \/><\/a><\/p>\n<p class=\"western\"><span style=\"font-size: large;\">Ravageur\u00a0: mineuse, arriv\u00e9e vers 1995<\/span><\/p>\n<p class=\"western\"><span style=\"font-size: large;\">Lepidoptera, gracilladiirae<\/span><\/p>\n<p class=\"western\"><span style=\"font-size: large;\">Date\u00a0: 18 septembre 2003<\/span><\/p>\n<p class=\"western\"><span style=\"font-size: large;\">Arbre\u00a0: non identifi\u00e9<\/span><\/p>\n<p class=\"western\"><span style=\"font-size: large;\">L&rsquo;apparition de la mineuse des agrumes, Phyllocnistis citrella, dans de nombreux pays m\u00e9diterran\u00e9ens au cours de la premi\u00e8re moiti\u00e9 des ann\u00e9es 1990 s&rsquo;est traduite par de nombreux travaux sur les m\u00e9thodes de lutte chimique ou biologique, afin d&rsquo;adapter les programmes de lutte int\u00e9gr\u00e9e pr\u00e9alablement mis en place. Ceux-ci ont g\u00e9n\u00e9ralement contribu\u00e9 \u00e0 une nette am\u00e9lioration de la situation et les d\u00e9g\u00e2ts de la mineuse, impressionnants dans les premi\u00e8res ann\u00e9es qui ont suivi son arriv\u00e9e dans les diff\u00e9rents pays de la r\u00e9gion, sont \u00e0 pr\u00e9sent souvent consid\u00e9r\u00e9s comme limit\u00e9s en vergers adultes.<\/span><\/p>\n<p class=\"western\"><span style=\"font-size: large;\">Parasites naturels en cours d\u2019installation en 2004 (difficult\u00e9s d\u2019acclimatation).<\/span><\/p>\n<p class=\"western\">En Corse, protection des petits arbres par filets en forme de cloche.<\/p>\n<p class=\"western\"><span style=\"font-size: large;\">Observations\u00a0: pr\u00e9sence g\u00e9n\u00e9ralis\u00e9e sur tous les arbres. Elle n\u2019attaque pas les pousses de printemps, seulement celles d\u2019\u00e9t\u00e9 et d\u2019automne. Elle appara\u00eet en \u00e9t\u00e9 et s\u2019attaque aux feuilles de toutes les nouvelles pousses, pratiquement pas aux fruits, l\u2019impact sur la production n\u2019est pas connu mais semble peu important.<\/span><\/p>\n<p style=\"text-align: center;\">1.1.11 Mouche des fruits<br \/>\nCeratitis capitata WIEDMANN<\/p>\n<p style=\"text-align: center;\"><a href=\"http:\/\/laruche.cuerq.net\/wp-content\/uploads\/2017\/12\/image022.jpg\"><img decoding=\"async\" loading=\"lazy\" class=\"aligncenter size-full wp-image-127\" src=\"http:\/\/laruche.cuerq.net\/wp-content\/uploads\/2017\/12\/image022.jpg\" alt=\"\" width=\"295\" height=\"328\" srcset=\"https:\/\/arcadia.cuerq.net\/wp-content\/uploads\/2017\/12\/image022.jpg 295w, https:\/\/arcadia.cuerq.net\/wp-content\/uploads\/2017\/12\/image022-270x300.jpg 270w\" sizes=\"(max-width: 295px) 100vw, 295px\" \/><\/a><\/p>\n<p class=\"western\"><span style=\"font-size: large;\">Ravageur\u00a0: Mouche des fruits<\/span><\/p>\n<p class=\"western\"><span style=\"font-size: large;\">Ceratitis capitata WIEDMANN, dipt\u00e8re trypetidae<\/span><\/p>\n<p class=\"western\"><span style=\"font-size: large;\">Parasites\u00a0: Pas de parasite ni de pr\u00e9dateur naturel connus, hors araign\u00e9es et oiseaux.<\/span><\/p>\n<p class=\"western\"><span style=\"font-size: large;\">Mise en place de pi\u00e8ges \u00e0 glu \u00e0 attractif sp\u00e9cifique (ph\u00e9romones).<\/span><\/p>\n<p class=\"western\"><span style=\"font-size: large;\">Observations\u00a0: <\/span><\/p>\n<p class=\"western\"><span style=\"font-size: large;\">Depuis plus d\u2019un si\u00e8cle, l\u2019esp\u00e8ce a pu s\u2019installer dans les vergers des cinq continents.<\/span><\/p>\n<p class=\"western\"><span style=\"font-size: large;\">Tr\u00e8s polyphage, ses \u0153ufs et les larves \u00e9voluent dans la pulpe des fruits les plus vari\u00e9s.<\/span><\/p>\n<p class=\"western\"><span style=\"font-size: large;\">Le d\u00e9veloppement de l\u2019insecte commence quand la temp\u00e9rature d\u00e9passe 14\u00b0C (seuil de d\u00e9veloppement) et une g\u00e9n\u00e9ration s\u2019accomplit en trois semaines dans les conditions optimales.<\/span><\/p>\n<p class=\"western\"><span style=\"font-size: large;\">Les \u0153ufs sont pondus dans le fruit \u00e0 quelques millim\u00e8tres de la surface \u00e9pidermique que la femelle perce \u00e0 l\u2019aide de son oviscapte. Le nombre d\u2019\u0153ufs de chaque ponte varie consid\u00e9rablement et peut atteindre la cinquantaine. Au cours de son existence, une femelle peut pondre jusqu\u2019\u00e0 500 \u0153ufs. L\u2019\u0153uf mesure environ 1 mm de longueur. La larve se d\u00e9veloppe assez rapidement, passe \u00e0 travers 3 stades et atteint, \u00e0 la fin de son \u00e9volution, une longueur de 7 \u00e0 8 mm. Elle quitte alors le fruit pour se nymphoser dans le sol.<\/span><\/p>\n<p class=\"western\">Les cl\u00e9mentines, plus pr\u00e9coces que les autres vari\u00e9t\u00e9s d\u2019agrumes, \u00e0 zeste fin et tendre, constituent un milieu favorable de ponte et de d\u00e9veloppement de l\u2019insecte. Sa piq\u00fbre constitue un passage pour l\u2019entr\u00e9e de micro-organismes qui provoquent le pourrissement, lequel se transmet ensuite aux fruits voisins.<\/p>\n<p class=\"western\"><span style=\"font-size: large;\">D\u2019autres vari\u00e9t\u00e9s de fruits, \u00e0 zeste tr\u00e8s \u00e9pais, bien que fr\u00e9quemment piqu\u00e9es, n\u2019h\u00e9bergent que rarement des larves mais la piq\u00fbre constitue l\u00e0 aussi la porte d\u2019entr\u00e9e de microorganismes responsables de la d\u00e9composition du fruit.<\/span><\/p>\n<p class=\"western\"><span style=\"font-size: large;\">Sur la C\u00f4te d\u2019Azur, les d\u00e9g\u00e2ts d\u00fbs aux larves sont exceptionnels, mais peuvent \u00eatre localement importants dans des situations microclimatiques tr\u00e8s prot\u00e9g\u00e9es des froids.<\/span><\/p>\n<p class=\"western\"><span style=\"font-size: large;\">On constate des pertes importantes de production de cl\u00e9mentines en d\u00e9but de p\u00e9riode de production, \u00e0 cause de la pourriture (verte\/bleue). Quand la temp\u00e9rature descend en-dessous de 14\u00b0C, la mouche dispara\u00eet.<\/span><\/p>\n<p class=\"western\"><span style=\"font-size: large;\">Mise en place en 2004, dans quelques arbres, de pi\u00e8ges \u00e0 glu distribu\u00e9s par Adolive, type \u00ab\u00a0Med Fly Stick Bio\u00a0\u00bb avec attractif (ph\u00e9romone), contre la mouche des fruits, utilisables en agriculture biologique (conform\u00e9ment au r\u00e8glement CEE n\u00b0 2092\/91). L\u2019efficacit\u00e9 semble moyenne.<\/span><\/p>\n<p class=\"western\"><span style=\"font-size: large;\">En 2005, essai de ph\u00e9romones sp\u00e9cifiques de la c\u00e9ratite, vendues par \u00ab\u00a0Magellan\u00a0\u00bb, mises en place dans des pi\u00e8ges \u00e0 glu de fabrication maison. Meilleures efficacit\u00e9 et s\u00e9lectivit\u00e9\u00a0: la plupart des mouches attrap\u00e9es sont des c\u00e9ratites, ce qui n\u2019est pas le cas pour les pi\u00e8ges Adolive, qui attrapent tous insectes volants. Mod\u00e8le repris depuis chaque ann\u00e9e.<\/span><\/p>\n<p style=\"text-align: center;\">1.1.12 Puceron vert des agrumes<br \/>\nAphis spiraecola Patch<\/p>\n<p style=\"text-align: center;\"><a href=\"http:\/\/laruche.cuerq.net\/wp-content\/uploads\/2017\/12\/image024.jpg\"><img decoding=\"async\" loading=\"lazy\" class=\"aligncenter size-full wp-image-129\" src=\"http:\/\/laruche.cuerq.net\/wp-content\/uploads\/2017\/12\/image024.jpg\" alt=\"\" width=\"314\" height=\"215\" srcset=\"https:\/\/arcadia.cuerq.net\/wp-content\/uploads\/2017\/12\/image024.jpg 314w, https:\/\/arcadia.cuerq.net\/wp-content\/uploads\/2017\/12\/image024-300x205.jpg 300w\" sizes=\"(max-width: 314px) 100vw, 314px\" \/><\/a><\/p>\n<p class=\"western\"><span style=\"font-size: large;\">Ravageur\u00a0: puceron vert des agrumes<\/span><\/p>\n<p class=\"western\"><span style=\"font-size: large;\">Aphis spiraecola Patch<\/span><\/p>\n<p class=\"western\"><span style=\"font-size: large;\">Date\u00a0: 20 avril 2007<\/span><\/p>\n<p class=\"western\"><span style=\"font-size: large;\">Arbre\u00a0: mandarinier Malvasio n\u00b079<\/span><\/p>\n<p class=\"western\"><span style=\"font-size: large;\">Parasites\u00a0: principalement c\u00e9cidomie, syrphes mais aussi coccinelles, chrysopes et h\u00e9m\u00e9robes. Introduction de Lisyphlebus testaceipes, hym\u00e9nopt\u00e8re parasite aphidiidae, d\u2019origine n\u00e9otropicale, qui s\u2019est bien install\u00e9 dans le sud-est de la France\u00a0; efficacit\u00e9 variable selon les esp\u00e8ces de puceron. Souvent les pluies violentes ont un r\u00f4le b\u00e9n\u00e9fique, en entra\u00eenant une partie des populations de pucerons et en lavant le miellat.<\/span><\/p>\n<p class=\"western\"><span style=\"font-size: large;\">Observations\u00a0: rares\u00a0; on constate le plus souvent les attaques alors qu\u2019elles sont termin\u00e9es (crispations et d\u00e9formations des feuilles).<\/span><\/p>\n<p style=\"text-align: center;\">1.1.13 Teigne des fleurs<br \/>\nPrays citri MILLIERE<\/p>\n<p style=\"text-align: center;\"><a href=\"http:\/\/laruche.cuerq.net\/wp-content\/uploads\/2017\/12\/image026.jpg\"><img decoding=\"async\" loading=\"lazy\" class=\"aligncenter size-full wp-image-130\" src=\"http:\/\/laruche.cuerq.net\/wp-content\/uploads\/2017\/12\/image026.jpg\" alt=\"\" width=\"353\" height=\"256\" srcset=\"https:\/\/arcadia.cuerq.net\/wp-content\/uploads\/2017\/12\/image026.jpg 353w, https:\/\/arcadia.cuerq.net\/wp-content\/uploads\/2017\/12\/image026-300x218.jpg 300w\" sizes=\"(max-width: 353px) 100vw, 353px\" \/><\/a><\/p>\n<p class=\"western\"><span style=\"font-size: large;\">Ravageur\u00a0: teigne des fleurs<\/span><\/p>\n<p class=\"western\"><span style=\"font-size: large;\">Prays citri MILLIERE (Lep. Hyponomeutidae)<\/span><\/p>\n<p class=\"western\"><span style=\"font-size: large;\">Date\u00a0: 11 septembre 2004<\/span><\/p>\n<p class=\"western\"><span style=\"font-size: large;\">Arbre\u00a0: citronnier Meyer<\/span><\/p>\n<p class=\"western\">Parasite\u00a0: Bacillus thuringiensis.<\/p>\n<p class=\"western\"><span style=\"font-size: large;\">Observations\u00a0: \u0153ufs d\u00e9pos\u00e9s sur les boutons floraux. La larve, \u00e0 son \u00e9closion, fore une entr\u00e9e directe \u00e0 l\u2019int\u00e9rieur du calice, et d\u00e9vore les organes floraux.<\/span><\/p>\n<p class=\"western\"><span style=\"font-size: large;\">1.1.14\/ pou rouge de Californie Aonidiella aurantii (pou rouge de Californie, cochenille rouge de l&rsquo;oranger) est une esp\u00e8ce d&rsquo; insectes h\u00e9mipt\u00e8res de la famille des Diaspididae, d&rsquo;origine asiatique. D\u00e9tect\u00e9 pour la premi\u00e8re fois le 25 septembre 2020 sur un citronnier Meyer.<\/span><\/p>\n<p class=\"western\"><span style=\"font-size: large;\"><u>1.2\/ LES MOLLUSQUES<\/u><\/span><\/p>\n<p class=\"western\"><span style=\"font-size: large;\">Les escargots posent parfois en \u00e9t\u00e9 des probl\u00e8mes aux petits arbres qu\u2019ils colonisent par centaines, et dont ils mangeraient jusqu\u2019\u00e0 la derni\u00e8re feuille, si on les laissait faire. Leurs pr\u00e9dateurs naturels (rats, oiseaux) ne suffisent pas \u00e0 la t\u00e2che.<\/span><\/p>\n<p class=\"western\"><span style=\"font-size: large;\">Pour s\u2019en d\u00e9barrasser, les pi\u00e8ges \u00e0 la bi\u00e8re donnent de bons r\u00e9sultats. Il existe aussi des escargots carnivores, qui se nourrissent de leurs cong\u00e9n\u00e8res herbivores. Est consid\u00e9r\u00e9 ici comme carnivore un escargot vert local dit \u00ab\u00a0cantareou\u00a0\u00bb, le chanteur, parce qu\u2019il \u00e9met un bruit en rentrant dans sa coquille quand on le prend dans la main. Je n\u2019ai pas pu m\u2019assurer qu\u2019il \u00e9tait vraiment carnivore. Cependant, \u00e0 tout hasard, une tentative d\u2019\u00e9levage en terrarium a \u00e9t\u00e9 effectu\u00e9e en 2009\u00a0; elle s\u2019est sold\u00e9e par un fiasco complet.<\/span><\/p>\n<p class=\"western\"><span style=\"font-size: large;\">Il existe d\u2019autres m\u00e9thodes de protection, comme par exemple l\u2019\u00e9rection d\u2019un cordon de protection au moyen de cendres autour de l\u2019arbre \u00e0 prot\u00e9ger\u00a0; protection \u00e0 refaire apr\u00e8s chaque pluie.<\/span><\/p>\n<p class=\"western\"><span style=\"font-size: large;\"><u>1.3\/ LES OISEAUX<\/u><\/span><\/p>\n<p class=\"western\"><span style=\"font-size: large;\">On voit beaucoup de pies au verger, et elles y font des d\u00e9g\u00e2ts importants sur tous types d\u2019agrumes (oranges, pomelos, tangelos, cl\u00e9mentines, m\u00eame les citrons Meyer)\u00a0; dans les arbres, certains fruits sont plus ou moins entam\u00e9s, parfois n\u2019ont plus que la peau, remarquablement nettoy\u00e9e. On en trouve aussi tomb\u00e9s \u00e0 terre, intacts, leur tige ayant \u00e9t\u00e9 grignot\u00e9e. Je n\u2019ai jamais vu une pie picorer un agrume, ou coupant d\u2019un coup de bec sa tige, mais il n\u2019y a gu\u00e8re d\u2019autre coupable possible (l\u2019\u00e9cureuil \u00e0 ventre rouge ne semble pas pouvoir \u00eatre mis en cause dans ce coup-l\u00e0).<\/span><\/p>\n<p class=\"western\"><span style=\"font-size: large;\">Les pies n\u2019ont pas de pr\u00e9dateur connu.<\/span><\/p>\n<p class=\"western\"><span style=\"font-size: large;\"><u>1.4\/ LES MAMMIFERES<\/u><\/span><\/p>\n<p class=\"western\"><span style=\"font-size: large;\">1.4.1.Ecureuil \u00e0 ventre rouge Callosciurus erythraeus<\/span><\/p>\n<p style=\"text-align: center;\"><a href=\"http:\/\/laruche.cuerq.net\/wp-content\/uploads\/2017\/12\/image028.jpg\"><img decoding=\"async\" loading=\"lazy\" class=\"aligncenter size-full wp-image-131\" src=\"http:\/\/laruche.cuerq.net\/wp-content\/uploads\/2017\/12\/image028.jpg\" alt=\"\" width=\"487\" height=\"274\" srcset=\"https:\/\/arcadia.cuerq.net\/wp-content\/uploads\/2017\/12\/image028.jpg 487w, https:\/\/arcadia.cuerq.net\/wp-content\/uploads\/2017\/12\/image028-300x169.jpg 300w\" sizes=\"(max-width: 487px) 100vw, 487px\" \/><\/a><\/p>\n<p class=\"western\"><span style=\"font-size: large;\">Esp\u00e8ce d\u2019Asie du sud-est, introduite en France au d\u00e9but des ann\u00e9es 70 (avant 1974) au Cap d\u2019Antibes. Elle a parfaitement r\u00e9sist\u00e9 aux hivers rigoureux de 1985 et 1986. Depuis cet \u00e9cureuil s\u2019est reproduit de fa\u00e7on consid\u00e9rable en 40 ans.<\/span><\/p>\n<p class=\"western\"><span style=\"font-size: small;\"><span style=\"font-size: large;\">Il a <\/span><span style=\"color: #000000;\"><span style=\"font-family: Times New Roman, serif;\"><span style=\"font-size: large;\"><span lang=\"fr-FR\">pris la niche \u00e9cologique de<\/span><\/span><\/span><\/span><span style=\"font-size: large;\"> l\u2019\u00e9cureuil roux <\/span><span style=\"font-size: large;\">autochtone, <\/span><span style=\"color: #000000;\"><span style=\"font-family: Times New Roman, serif;\"><span style=\"font-size: large;\"><span lang=\"fr-FR\">lequel semble avoir disparu depuis des ann\u00e9es (en fait depuis 10 \u00e0 15 ans).<\/span><\/span><\/span><\/span><\/span><\/p>\n<p class=\"western\"><span style=\"font-size: large;\">Il n\u2019a pas ici de pr\u00e9dateur naturel.<\/span><\/p>\n<p class=\"western\"><span style=\"font-size: large;\">Il fait des d\u00e9g\u00e2ts importants au verger\u00a0; il semble qu\u2019on doive lui imputer au moins l\u2019\u00e9cor\u00e7age de certains arbres, et la destruction de tuyauteries PVC d\u2019arrosage, qu\u2019il ronge pour des raisons non connues. Sans compter qu\u2019il se sert aussi dans les agrumes eux-m\u00eames. Et qu\u2019il semble avoir donn\u00e9 l\u2019exemple aux rats, habitant du verger depuis toujours. Les rats ne mangeaient pas les agrumes, ils semblent s\u2019y \u00eatre mis.<\/span><\/p>\n<p class=\"western\"><span style=\"font-size: large;\">Au potager, il ramasse et\/ou cueille les noisettes, sans en laisser une seule. L\u2019\u00e9cureuil roux avait un peu plus de savoir-vivre et savait partager, lui.<\/span><\/p>\n<p class=\"western\"><span style=\"font-size: large;\">1.4.2.sangliers<\/span><\/p>\n<p class=\"western\"><span style=\"font-size: large;\">Fin septembre 2020, des sangliers sont venus visiter le potager, qu\u2019ils ont enti\u00e8rement ravag\u00e9, et le verger attenant o\u00f9 il n\u2019y a pas eu de d\u00e9g\u00e2ts importants. Mise en place d\u2019une cl\u00f4ture \u00e9lectrique \u00e0 l\u2019\u00e9tude.<\/span><\/p>\n<p class=\"western\"><span style=\"font-size: large;\"><u>1.5\/ LES MALADIES<\/u><\/span><\/p>\n<p class=\"western\"><span style=\"font-size: large;\">Mal secco ou plus probablement phytophtora\u00a0? Depuis des ann\u00e9es, les limettiers et certains citronniers sont attaqu\u00e9s par une maladie non identifi\u00e9e formellement\u00a0; les branches se dess\u00e8chent, en partant du haut puis puis la maladie s\u2019\u00e9tend vers le bas jusqu\u2019\u00e0 la mort de l\u2019arbre\u00a0; le processus peut prendre des ann\u00e9es. Les limettiers et les citronniers Villafranca greff\u00e9s sur Volkameriana semblent particuli\u00e8rement sensibles \u00e0 cette maladie. Mais si les seconds semblent devoir survivre, aucun limettier, quel que soit le porte-greffe, ne semble \u00eatre en mesure de s&rsquo;en sortir (il n&rsquo;en reste que 3 en 2013, tous bien malades, contre 9 en 2000).<\/span><\/p>\n<p class=\"western\"><span style=\"font-size: large;\"><u>1.6\/ DIVERS<\/u><\/span><\/p>\n<p class=\"western\"><span style=\"font-size: large;\">La fumagine\u00a0: la pr\u00e9sence de fumagine est li\u00e9e \u00e0 celle des pucerons, cochenilles et mouches blanches. On appelle ainsi un d\u00e9p\u00f4t noir produit par les champignons qui se d\u00e9veloppent sur les excr\u00e9tions de ces insectes. La plante re\u00e7oit moins de lumi\u00e8re et se trouve affaiblie par la diminution de la photosynth\u00e8se. Eviter un exc\u00e8s d\u2019azote.<\/span><\/p>\n<p class=\"western\"><span style=\"font-size: large;\">Les chim\u00e8res\u00a0: certains fruits pr\u00e9sentent des d\u00e9formations ou des modifications de coloration inhabituelles.<\/span><\/p>\n<p class=\"western\"><span style=\"font-size: large;\"><u>1.7\/ HORS VERGER<\/u><\/span><\/p>\n<p class=\"western\"><span style=\"font-size: large;\">Pour m\u00e9moire\u00a0: on trouve d\u2019autres ravageurs \u00e0 proximit\u00e9 du verger, mais ils ne semblent pas le concerner directement, par exemple\u00a0:<\/span><\/p>\n<p class=\"western\"><span style=\"font-size: large;\">Le capnode<\/span><\/p>\n<p class=\"western\"><span style=\"font-size: large;\">Le taupin<\/span><\/p>\n<p class=\"western\" align=\"center\"><span style=\"font-size: x-large;\">2 LES AUXILIAIRES, OU<\/span><\/p>\n<h2 class=\"western\">PARASITES, IDENTIFIES<\/h2>\n<p class=\"western\"><span style=\"font-size: large;\"><u>2.1\/ DES INSECTES OU ARACHNIDES<\/u><\/span><\/p>\n<p class=\"western\"><span style=\"font-size: large;\">2.1.1\/ abeilles<\/span><\/p>\n<p class=\"western\"><span style=\"font-size: large;\">2.1.2\/ araign\u00e9es<\/span><\/p>\n<p class=\"western\"><span style=\"font-size: large;\">2.1.3\/ c\u00e9toine<\/span><\/p>\n<p class=\"western\"><span style=\"font-size: large;\">2.1.4\/ coccinelles<\/span><\/p>\n<p class=\"western\"><span style=\"font-size: large;\">2.1.5 neodryinus typhlocybae (parasite de la cicadelle Metcalfa pruinosa)<\/span><\/p>\n<p class=\"western\"><span style=\"font-size: large;\"><u>2.2\/ DES MOLLUSQUES<\/u><\/span><\/p>\n<p class=\"western\"><span style=\"font-size: large;\">escargots carnivores<\/span><\/p>\n<p class=\"western\"><span style=\"font-size: large;\"><u>2.3\/ DES OISEAUX<\/u><\/span><\/p>\n<p class=\"western\"><span style=\"font-size: large;\">m\u00e9sanges<\/span><\/p>\n<p class=\"western\"><span style=\"font-size: large;\">rouge-gorges<\/span><\/p>\n<p class=\"western\"><span style=\"font-size: large;\"><u>2.4\/ DES REPTILES<\/u><\/span><\/p>\n<p class=\"western\"><span style=\"font-size: large;\">tarentes<\/span><\/p>\n<p class=\"western\"><span style=\"font-size: large;\">orvets<\/span><\/p>\n<p class=\"western\"><span style=\"font-size: large;\">couleuvres<\/span><\/p>\n<p class=\"western\"><span style=\"font-size: large;\">crapauds<\/span><\/p>\n<p class=\"western\"><span style=\"font-size: large;\"><u>2.5\/ DES MAMMIFERES<\/u><\/span><\/p>\n<p class=\"western\"><span style=\"font-size: large;\">h\u00e9rissons<\/span><\/p>\n<p class=\"western\"><span style=\"font-size: large;\">mulots<\/span><\/p>\n<p class=\"western\"><span style=\"font-size: large;\">2.1\/ Des insectes ou arachnides<\/span><\/p>\n<p class=\"western\"><span style=\"font-size: large;\">2.1.1 abeilles\u00a0: difficile de ne pas les nommer, elles sont partout dans le verger au moment de la floraison (en mai)\u00a0; voir article sp\u00e9cifique (\u00ab\u00a0Cl\u00e9mentines et p\u00e9pins\u00a0\u00bb)<\/span><\/p>\n<p class=\"western\"><span style=\"font-size: large;\">2.1.2 araign\u00e9es<\/span><\/p>\n<p class=\"western\"><span style=\"font-size: large;\">On trouve beaucoup d\u2019araign\u00e9es dans les arbres\u00a0; elles \u00e9liminent bon nombre de ravageurs et contribuent sans doute, en particulier, \u00e0 limiter les d\u00e9g\u00e2ts d\u00fbs \u00e0 la c\u00e9ratite. Plusieurs vari\u00e9t\u00e9s sont pr\u00e9sentes, mais l\u2019une d\u2019entre elles est largement majoritaire.<\/span><\/p>\n<p style=\"text-align: center;\"><a href=\"http:\/\/laruche.cuerq.net\/wp-content\/uploads\/2017\/12\/image030.jpg\"><img decoding=\"async\" loading=\"lazy\" class=\"aligncenter size-full wp-image-132\" src=\"http:\/\/laruche.cuerq.net\/wp-content\/uploads\/2017\/12\/image030.jpg\" alt=\"\" width=\"299\" height=\"270\" \/><\/a><\/p>\n<p class=\"western\"><span style=\"font-size: large;\">Taille maximum de l\u2019ordre de 3 cm. Il s\u2019agit d\u2019une araign\u00e9e du genre Olios argelasius (Walckenaer)<\/span><\/p>\n<p class=\"western\"><span style=\"font-size: large;\">Observations\u00a0: arboricole, elle fait son nid entre les feuilles des arbres\u00a0; non agressive.<\/span><\/p>\n<p class=\"western\"><span style=\"font-size: small;\"><span style=\"font-size: large;\">Depuis <\/span><span style=\"color: #000000;\"><span style=\"font-family: Times New Roman, serif;\"><span style=\"font-size: large;\"><span lang=\"fr-FR\">2016 ou 2017<\/span><\/span><\/span><\/span><span style=\"font-size: large;\">, elle est concurrenc\u00e9e par l\u2019\u00e9peire citricole Cyrtophora citricola. <\/span><span style=\"font-size: large;\">Araign\u00e9e \u00ab\u00a0sociale\u00a0\u00bb, ses toiles peuvent accueillir de nombreux individus. La premi\u00e8re ann\u00e9e, les toiles se sont d\u00e9velopp\u00e9es englobant parfois plusieurs arbres dans un immense cocon. Depuis, dans les agrumes, elle est devenue plus raisonnable. Elle doit g\u00eaner la c\u00e9ratite, mais elle nous g\u00eane aussi parfois, il faut enlever ses toiles pour p\u00e9n\u00e9trer dans ses arbres. Et on se demande si elle ne peut pas aussi avoir un effet n\u00e9gatif sur la photosynth\u00e8se.<\/span><\/span><\/p>\n<p><a href=\"http:\/\/arcadia.cuerq.net\/wp-content\/uploads\/2020\/10\/Cocon1.jpg\"><img decoding=\"async\" loading=\"lazy\" class=\"aligncenter size-full wp-image-295\" src=\"http:\/\/arcadia.cuerq.net\/wp-content\/uploads\/2020\/10\/Cocon1.jpg\" alt=\"Cocon et toile d'araign\u00e9e\" width=\"850\" height=\"677\" srcset=\"https:\/\/arcadia.cuerq.net\/wp-content\/uploads\/2020\/10\/Cocon1.jpg 850w, https:\/\/arcadia.cuerq.net\/wp-content\/uploads\/2020\/10\/Cocon1-300x239.jpg 300w, https:\/\/arcadia.cuerq.net\/wp-content\/uploads\/2020\/10\/Cocon1-768x612.jpg 768w\" sizes=\"(max-width: 850px) 100vw, 850px\" \/><\/a><\/p>\n<p class=\"western\"><span style=\"font-size: large;\">2.1.3 c\u00e9toines<\/span><\/p>\n<p class=\"western\"><span style=\"font-size: large;\">voir 1.1.3<\/span><\/p>\n<p class=\"western\"><span style=\"font-size: large;\">2.1.4 coccinelles<\/span><\/p>\n<p class=\"western\"><span style=\"font-size: small;\"><span style=\"font-size: large;\">On ne pr\u00e9sente pas la b\u00eate \u00e0 Bon Dieu<\/span> <sup><a class=\"sdfootnoteanc\" href=\"#sdfootnote1sym\" name=\"sdfootnote1anc\">1<\/a><\/sup>\u00a0<span style=\"font-size: large;\">; ses activit\u00e9s en tant qu\u2019auxiliaire sont nombreuses et d\u00e9j\u00e0 cit\u00e9es dans les paragraphes 1.1.5, 1.1.6, 1.1.7, 1.1.8, 1.1.12 (liste non exhaustive). Elles sont nombreuses au verger. L\u2019\u00e9levage des coccinelles en terrarium est assez facile, nous en avons fait l\u2019exp\u00e9rience en 2006. Il est tr\u00e8s int\u00e9ressant d&rsquo;observer l&rsquo;apparition de tous les stades larvaires.<\/span><\/span><\/p>\n<div id=\"sdfootnote1\">\n<p class=\"western\"><span style=\"font-size: small;\"><a class=\"sdfootnotesym\" href=\"#sdfootnote1anc\" name=\"sdfootnote1sym\">1<\/a> Au temps jadis, au Moyen Age, sans doute, un homme f\u00fbt accus\u00e9 d\u2019un crime qu\u2019il n\u2019avait pas commis. Ses juges ne l\u2019en condamn\u00e8rent pas moins \u00e0 \u00eatre d\u00e9capit\u00e9.<\/span><\/p>\n<p class=\"western\"><span style=\"font-size: small;\">Au moment o\u00f9 le malheureux allait poser la t\u00eate sur le billot, il aper\u00e7ut une coccinelle et, craignant de l\u2019\u00e9craser, il la saisit d\u00e9licatement pour l\u2019\u00e9loigner de l\u2019instrument de supplice. Les juges qui \u00e9taient pr\u00e9sents virent ce geste. Ils se regard\u00e8rent avec \u00e9tonnement et, d\u2019un commun accord, d\u00e9cid\u00e8rent qu\u2019un homme qui faisait preuve d\u2019un c\u0153ur aussi sensible ne pouvait \u00eatre un criminel.<\/span><\/p>\n<p class=\"western\"><span style=\"font-size: small;\">L\u2019innocent f\u00fbt graci\u00e9 s\u00e9ance tenante, et les spectateurs, convaincus que le Tr\u00e8s-Haut avait envoy\u00e9 la bestiole pour sauver le condamn\u00e9, donn\u00e8rent spontan\u00e9ment \u00e0 l\u2019insecte sauveur le nom de B\u00eate \u00e0 Bon Dieu.<\/span><\/p>\n<\/div>\n<p style=\"text-align: center;\">2.1.5\/ Neodryinus Typhlocybae<\/p>\n<p style=\"text-align: center;\"><a href=\"http:\/\/laruche.cuerq.net\/wp-content\/uploads\/2017\/12\/image032.jpg\"><img decoding=\"async\" loading=\"lazy\" class=\"aligncenter size-full wp-image-133\" src=\"http:\/\/laruche.cuerq.net\/wp-content\/uploads\/2017\/12\/image032.jpg\" alt=\"\" width=\"410\" height=\"308\" srcset=\"https:\/\/arcadia.cuerq.net\/wp-content\/uploads\/2017\/12\/image032.jpg 410w, https:\/\/arcadia.cuerq.net\/wp-content\/uploads\/2017\/12\/image032-300x225.jpg 300w\" sizes=\"(max-width: 410px) 100vw, 410px\" \/><\/a><\/p>\n<p class=\"western\"><span style=\"font-size: large;\">Parasite\u00a0: Neodryinus<\/span><\/p>\n<p class=\"western\"><span style=\"font-size: large;\">Date\u00a0: 19 f\u00e9vrier 2004<\/span><\/p>\n<p class=\"western\"><span style=\"font-size: large;\">Arbre\u00a0: agrume non identifi\u00e9.<\/span><\/p>\n<p class=\"western\"><span style=\"font-size: large;\">Observations\u00a0: parasite naturel de la cicadelle Metcalfa pruinosa (voir 1.4 ci-avant), cet hym\u00e9nopt\u00e8re, originaire d&rsquo;Am\u00e9rique du Nord, attaque les adultes de cicadelle et pond dans ses oeufs<\/span><\/p>\n<p class=\"western\"><span style=\"font-size: large;\">La cicadelle a d\u2019autres pr\u00e9dateurs, tels que les araign\u00e9es, les l\u00e9zards et les oiseaux.<\/span><\/p>\n<p class=\"western\"><span style=\"font-size: large;\"><u>2.2\/ DES MOLLUSQUES<\/u><\/span><\/p>\n<p class=\"western\"><span style=\"font-size: large;\">escargots carnivores (voir ci-dessus en 1.2).<\/span><\/p>\n<p class=\"western\"><span style=\"font-size: large;\"><u>2.3\/ DES OISEAUX<\/u><\/span><\/p>\n<p class=\"western\"><span style=\"font-size: large;\">Les oiseaux (m\u00e9sanges, rouge-gorges, etc.) participent \u00e0 la lutte contre de nombreux ravageurs.<\/span><\/p>\n<p class=\"western\"><span style=\"font-size: large;\"><u>4\/ DES REPTILES ET BATRACIENS<\/u><\/span><\/p>\n<p class=\"western\"><span style=\"font-size: large;\">Certains reptiles et batraciens pr\u00e9sents au verger sont \u00e9galement des auxiliaires pr\u00e9cieux\u00a0: tarentes, orvets, couleuvres, crapauds, grenouilles.<\/span><\/p>\n<p class=\"western\"><span style=\"font-size: large;\"><u>5\/ DES MAMMIFERES<\/u><\/span><\/p>\n<p class=\"western\"><span style=\"font-size: large;\">Les h\u00e9rissons et mulots consomment des quantit\u00e9s non n\u00e9gligeables d\u2019escargots et limaces.<\/span><\/p>\n<p>Envoyer tout commentaire \u00e0 l\u2019adresse arcadia@cuerq.net.<\/p>\n<p>mise \u00e0 jour 04\/10\/2020<\/p>\n<hr \/>\n<p style=\"text-align: left;\"><a href=\"#_ftnref1\" name=\"_ftn1\">[1]<\/a> Au temps jadis, au Moyen Age, sans doute, un homme f\u00fbt accus\u00e9 d\u2019un crime qu\u2019il n\u2019avait pas commis. Ses juges ne l\u2019en condamn\u00e8rent pas moins \u00e0 \u00eatre d\u00e9capit\u00e9.<\/p>\n<p style=\"text-align: left;\">Au moment o\u00f9 le malheureux allait poser la t\u00eate sur le billot, il aper\u00e7ut une coccinelle et, craignant de l\u2019\u00e9craser, il la saisit d\u00e9licatement pour l\u2019\u00e9loigner de l\u2019instrument de supplice. Les juges qui \u00e9taient pr\u00e9sents virent ce geste. Ils se regard\u00e8rent avec \u00e9tonnement et, d\u2019un commun accord, d\u00e9cid\u00e8rent qu\u2019un homme qui faisait preuve d\u2019un c\u0153ur aussi sensible ne pouvait \u00eatre un criminel.<\/p>\n<p style=\"text-align: left;\">L\u2019innocent f\u00fbt graci\u00e9 s\u00e9ance tenante, et les spectateurs, convaincus que le Tr\u00e8s-Haut avait envoy\u00e9 la bestiole pour sauver le condamn\u00e9, donn\u00e8rent spontan\u00e9ment \u00e0 l\u2019insecte sauveur le nom de B\u00eate \u00e0 Bon Dieu.<\/p>\n","protected":false},"excerpt":{"rendered":"<p>LES INDESIRABLES AU VERGER PREAMBULE Au verger, on observe quelques ravageurs, dont le nombre s\u2019\u00e9quilibre en g\u00e9n\u00e9ral naturellement. Aucune action sp\u00e9cifique n\u2019est n\u00e9cessaire, sauf dans le cas de la mouche des agrumes, appel\u00e9e c\u00e9ratite (voir plus loin). Les ind\u00e9sirables peuvent \u00eatre class\u00e9s en plusieurs cat\u00e9gories\u00a0: Des insectes Des mollusques Des oiseaux Des mammif\u00e8res Et puis &hellip; <a href=\"https:\/\/arcadia.cuerq.net\/?page_id=114\" class=\"more-link\">Continuer la lecture de <span class=\"screen-reader-text\">&#8211; Les ind\u00e9sirables au verger<\/span>  <span class=\"meta-nav\">&rarr;<\/span><\/a><\/p>\n","protected":false},"author":2,"featured_media":0,"parent":0,"menu_order":0,"comment_status":"closed","ping_status":"closed","template":"","meta":[],"_links":{"self":[{"href":"https:\/\/arcadia.cuerq.net\/index.php?rest_route=\/wp\/v2\/pages\/114"}],"collection":[{"href":"https:\/\/arcadia.cuerq.net\/index.php?rest_route=\/wp\/v2\/pages"}],"about":[{"href":"https:\/\/arcadia.cuerq.net\/index.php?rest_route=\/wp\/v2\/types\/page"}],"author":[{"embeddable":true,"href":"https:\/\/arcadia.cuerq.net\/index.php?rest_route=\/wp\/v2\/users\/2"}],"replies":[{"embeddable":true,"href":"https:\/\/arcadia.cuerq.net\/index.php?rest_route=%2Fwp%2Fv2%2Fcomments&post=114"}],"version-history":[{"count":8,"href":"https:\/\/arcadia.cuerq.net\/index.php?rest_route=\/wp\/v2\/pages\/114\/revisions"}],"predecessor-version":[{"id":296,"href":"https:\/\/arcadia.cuerq.net\/index.php?rest_route=\/wp\/v2\/pages\/114\/revisions\/296"}],"wp:attachment":[{"href":"https:\/\/arcadia.cuerq.net\/index.php?rest_route=%2Fwp%2Fv2%2Fmedia&parent=114"}],"curies":[{"name":"wp","href":"https:\/\/api.w.org\/{rel}","templated":true}]}}